{"id":13,"date":"2025-06-27T15:44:15","date_gmt":"2025-06-27T13:44:15","guid":{"rendered":"https:\/\/geheimlab-weimar.de\/distanz3\/?page_id=13"},"modified":"2026-01-16T14:17:11","modified_gmt":"2026-01-16T13:17:11","slug":"angebote","status":"publish","type":"page","link":"https:\/\/distanz.info\/en\/angebote\/","title":{"rendered":"Services"},"content":{"rendered":"\n<div class=\"wp-block-query is-layout-flow wp-block-query-is-layout-flow\"><ul class=\"wp-block-post-template has-global-padding is-layout-constrained wp-block-post-template-is-layout-constrained\"><li class=\"wp-block-post post-34 post type-post status-publish format-standard has-post-thumbnail hentry category-angebote\">\n\n<div class=\"wp-block-group has-global-padding is-layout-constrained wp-block-group-is-layout-constrained\">\n<div class=\"wp-block-group has-global-padding is-layout-constrained wp-block-group-is-layout-constrained\"><figure style=\"width:150px;height:150px;\" class=\"wp-block-post-featured-image\"><img loading=\"lazy\" decoding=\"async\" width=\"400\" height=\"400\" src=\"https:\/\/distanz.info\/wp-content\/uploads\/2025\/11\/Icon_Gruppe4_400-400.png\" class=\"attachment-full size-full wp-post-image\" alt=\"\" style=\"height:150px;object-fit:contain;\" srcset=\"https:\/\/distanz.info\/wp-content\/uploads\/2025\/11\/Icon_Gruppe4_400-400.png 400w, https:\/\/distanz.info\/wp-content\/uploads\/2025\/11\/Icon_Gruppe4_400-400-300x300.png 300w, https:\/\/distanz.info\/wp-content\/uploads\/2025\/11\/Icon_Gruppe4_400-400-150x150.png 150w\" sizes=\"auto, (max-width: 400px) 100vw, 400px\" \/><\/figure><\/div>\n\n\n<h2 class=\"wp-block-post-title\">counseling<\/h2><\/div>\n\n\n<div class=\"entry-content wp-block-post-content is-layout-flow wp-block-post-content-is-layout-flow\">\n<p>Distanz e.V. offers low-threshold counselling for multipliers. The focus is on the question of how to work with young people who show far-right orientations or are at risk of entering extremist structures\u2014for example in relationship-building, in setting impulses for Intervention Programm in a radicalisation process in response to dehumanising attitudes, or in referring them to appropriate support structures.<\/p>\n\n\n\n<div class=\"wp-block-group langtext has-global-padding is-content-justification-left is-layout-constrained wp-container-core-group-is-layout-12dd3699 wp-block-group-is-layout-constrained\">\n<figure class=\"wp-block-image size-full aside\"><img loading=\"lazy\" decoding=\"async\" width=\"400\" height=\"400\" src=\"https:\/\/distanz.info\/wp-content\/uploads\/2025\/11\/Icon_Beratung_400-400.png\" alt=\"\" class=\"wp-image-1161\" srcset=\"https:\/\/distanz.info\/wp-content\/uploads\/2025\/11\/Icon_Beratung_400-400.png 400w, https:\/\/distanz.info\/wp-content\/uploads\/2025\/11\/Icon_Beratung_400-400-300x300.png 300w, https:\/\/distanz.info\/wp-content\/uploads\/2025\/11\/Icon_Beratung_400-400-150x150.png 150w\" sizes=\"auto, (max-width: 400px) 100vw, 400px\" \/><\/figure>\n\n\n\n<h2 class=\"wp-block-heading\">Counselling Process<\/h2>\n\n\n\n<div class=\"wp-block-group focus1 is-style-default has-global-padding is-layout-constrained wp-block-group-is-layout-constrained\">\n<h3 class=\"wp-block-heading\">1. Initial contact:<\/h3>\n\n\n\n<ul class=\"wp-block-list\">\n<li>Those seeking counselling usually get in touch by phone or email.<\/li>\n<\/ul>\n\n\n\n<h3 class=\"wp-block-heading\">2. Needs assessment:<\/h3>\n\n\n\n<ul class=\"wp-block-list\">\n<li>Together with the staff of Distanz e.V., the specific needs are clarified.<\/li>\n\n\n\n<li>An individual offer is then developed.<\/li>\n<\/ul>\n\n\n\n<h3 class=\"wp-block-heading\">3. Counselling formats<\/h3>\n\n\n\n<ul class=\"wp-block-list\">\n<li>Individual consultations: by phone, video or in person<\/li>\n\n\n\n<li>Longer-term counselling: virtual or on site<\/li>\n\n\n\n<li>Team counselling: collegial case consultations for several participants<\/li>\n<\/ul>\n<\/div>\n\n\n\n<p>The services are individually tailored to needs and provide both short-term support and longer-term guidance.<\/p>\n\n\n\n<figure class=\"wp-block-image size-full aside\"><img loading=\"lazy\" decoding=\"async\" width=\"400\" height=\"400\" src=\"https:\/\/distanz.info\/wp-content\/uploads\/2025\/11\/Icon_Gruppe1_400-400-1.png\" alt=\"Drei Personen mit Linien verbunden\" class=\"wp-image-1165\" srcset=\"https:\/\/distanz.info\/wp-content\/uploads\/2025\/11\/Icon_Gruppe1_400-400-1.png 400w, https:\/\/distanz.info\/wp-content\/uploads\/2025\/11\/Icon_Gruppe1_400-400-1-300x300.png 300w, https:\/\/distanz.info\/wp-content\/uploads\/2025\/11\/Icon_Gruppe1_400-400-1-150x150.png 150w\" sizes=\"auto, (max-width: 400px) 100vw, 400px\" \/><\/figure>\n\n\n\n<h2 class=\"wp-block-heading\">Target Groups<\/h2>\n\n\n\n<ul class=\"wp-block-list\">\n<li>Educational professionals from youth and family services, youth court and probation services, and schools<\/li>\n\n\n\n<li>Civil society actors and multipliers<\/li>\n<\/ul>\n\n\n\n<figure class=\"wp-block-image size-full aside\"><img loading=\"lazy\" decoding=\"async\" width=\"400\" height=\"400\" src=\"https:\/\/distanz.info\/wp-content\/uploads\/2025\/11\/Icon_PerspektivTraninig_400-400.png\" alt=\"Berggipfel\" class=\"wp-image-1170\" srcset=\"https:\/\/distanz.info\/wp-content\/uploads\/2025\/11\/Icon_PerspektivTraninig_400-400.png 400w, https:\/\/distanz.info\/wp-content\/uploads\/2025\/11\/Icon_PerspektivTraninig_400-400-300x300.png 300w, https:\/\/distanz.info\/wp-content\/uploads\/2025\/11\/Icon_PerspektivTraninig_400-400-150x150.png 150w\" sizes=\"auto, (max-width: 400px) 100vw, 400px\" \/><\/figure>\n\n\n\n<h2 class=\"wp-block-heading\">Counselling Approach<\/h2>\n\n\n\n<p>A key focus of the counselling is empowerment\u2014that is, strengthening the ability to act independently when dealing with cases related to Intervention Programm in a radicalisation process. Where needed, we offer long-term support, for example in the form of coaching. In addition, we rely on cooperative networking with local and supra-regional actors in order to link prevention and intervention and activate further support systems.<\/p>\n\n\n\n<figure class=\"wp-block-image size-full aside\"><img loading=\"lazy\" decoding=\"async\" width=\"400\" height=\"400\" src=\"https:\/\/distanz.info\/wp-content\/uploads\/2026\/01\/Icon_InfoKontakt-Brief_400-400.png\" alt=\"InfoKontakt\" class=\"wp-image-1790\" srcset=\"https:\/\/distanz.info\/wp-content\/uploads\/2026\/01\/Icon_InfoKontakt-Brief_400-400.png 400w, https:\/\/distanz.info\/wp-content\/uploads\/2026\/01\/Icon_InfoKontakt-Brief_400-400-300x300.png 300w, https:\/\/distanz.info\/wp-content\/uploads\/2026\/01\/Icon_InfoKontakt-Brief_400-400-150x150.png 150w\" sizes=\"auto, (max-width: 400px) 100vw, 400px\" \/><\/figure>\n\n\n\n<h5 class=\"wp-block-heading\"><strong>At the <a href=\"https:\/\/distanz.info\/zfd\/\">Centre for <strong>Intervention Programm in a radicalisation process<\/strong><\/a>, we are happy to advise you on your concerns.<br><\/strong><a id=\"_msocom_1\"><\/a><\/h5>\n<\/div>\n\n\n\n<button class=\"readmore\">Show counselling information<\/button>\n<button class=\"readless\">Hide counselling information<\/button>\n<\/div>\n<\/li><li class=\"wp-block-post post-38 post type-post status-publish format-standard has-post-thumbnail hentry category-angebote\">\n\n<div class=\"wp-block-group has-global-padding is-layout-constrained wp-block-group-is-layout-constrained\">\n<div class=\"wp-block-group has-global-padding is-layout-constrained wp-block-group-is-layout-constrained\"><figure style=\"width:150px;height:150px;\" class=\"wp-block-post-featured-image\"><img loading=\"lazy\" decoding=\"async\" width=\"400\" height=\"400\" src=\"https:\/\/distanz.info\/wp-content\/uploads\/2025\/06\/Icon_Coaching_400-400.png\" class=\"attachment-full size-full wp-post-image\" alt=\"\" style=\"height:150px;object-fit:contain;\" srcset=\"https:\/\/distanz.info\/wp-content\/uploads\/2025\/06\/Icon_Coaching_400-400.png 400w, https:\/\/distanz.info\/wp-content\/uploads\/2025\/06\/Icon_Coaching_400-400-300x300.png 300w, https:\/\/distanz.info\/wp-content\/uploads\/2025\/06\/Icon_Coaching_400-400-150x150.png 150w\" sizes=\"auto, (max-width: 400px) 100vw, 400px\" \/><\/figure><\/div>\n\n\n<h2 class=\"wp-block-post-title\">Coaching<\/h2><\/div>\n\n\n<div class=\"entry-content wp-block-post-content is-layout-flow wp-block-post-content-is-layout-flow\">\n<p>The coaching programme offers tailored support for challenges in the Intervention Programm in a radicalisation process. It helps to develop or improve strategies and practical skills for dealing with widespread patterns of devaluation within an organisation. The aim is to strengthen the confidence and capacity to act of individual professionals and to further develop the organisation as a whole in its prevention and intervention work against far-right phenomena.<\/p>\n\n\n\n<div class=\"wp-block-group langtext has-global-padding is-content-justification-left is-layout-constrained wp-container-core-group-is-layout-12dd3699 wp-block-group-is-layout-constrained\">\n<figure class=\"wp-block-image size-full aside\"><img loading=\"lazy\" decoding=\"async\" width=\"400\" height=\"400\" src=\"https:\/\/distanz.info\/wp-content\/uploads\/2025\/11\/Icon_Beratung_400-400.png\" alt=\"\" class=\"wp-image-1161\" srcset=\"https:\/\/distanz.info\/wp-content\/uploads\/2025\/11\/Icon_Beratung_400-400.png 400w, https:\/\/distanz.info\/wp-content\/uploads\/2025\/11\/Icon_Beratung_400-400-300x300.png 300w, https:\/\/distanz.info\/wp-content\/uploads\/2025\/11\/Icon_Beratung_400-400-150x150.png 150w\" sizes=\"auto, (max-width: 400px) 100vw, 400px\" \/><\/figure>\n\n\n\n<h2 class=\"wp-block-heading\">Formats and Process<\/h2>\n\n\n\n<p>The focus of the coaching determines the format.<\/p>\n\n\n\n<div class=\"wp-block-group focus1 is-style-default has-global-padding is-layout-constrained wp-block-group-is-layout-constrained\">\n<h3 class=\"wp-block-heading\">Short Coaching<\/h3>\n\n\n\n<p>In short coaching, the organisation receives an overview of the challenges and needs the team faces when dealing with devaluation, discrimination and far-right attitudes. This is achieved through a needs assessment survey within the team, which is designed by Distanz e.V. Based on the results, Distanz e.V. provides recommendations on how the identified needs could be addressed. Follow-up measures, such as training courses, are jointly decided upon with a focus on available resources.<\/p>\n\n\n\n<h3 class=\"wp-block-heading\">Intensive Coaching<\/h3>\n\n\n\n<p>In intensive coaching, Distanz e.V. supports a small group of professionals over several sessions on specific issues. Based on an analysis of needs and initial conditions, the group develops goals for the team and the organisation. Distanz e.V. accompanies, advises and supports this change process. The entire team of the organisation is regularly involved and informed about the content.<\/p>\n\n\n\n<h3 class=\"wp-block-heading\">Case Coaching<\/h3>\n\n\n\n<p>In case coaching, the focus is on one or more concrete cases involving young people who are at risk of entering far-right extremism and who pose challenges for the organisation. Over several sessions, the professionals involved are supported and advised by Distanz e.V. through joint case analysis and practical recommendations for their educational work with the young person.<\/p>\n<\/div>\n\n\n\n<figure class=\"wp-block-image size-full aside\"><img loading=\"lazy\" decoding=\"async\" width=\"400\" height=\"400\" src=\"https:\/\/distanz.info\/wp-content\/uploads\/2025\/09\/Icon_Methode_400-400_blue.png\" alt=\"\" class=\"wp-image-508\" srcset=\"https:\/\/distanz.info\/wp-content\/uploads\/2025\/09\/Icon_Methode_400-400_blue.png 400w, https:\/\/distanz.info\/wp-content\/uploads\/2025\/09\/Icon_Methode_400-400_blue-300x300.png 300w, https:\/\/distanz.info\/wp-content\/uploads\/2025\/09\/Icon_Methode_400-400_blue-150x150.png 150w\" sizes=\"auto, (max-width: 400px) 100vw, 400px\" \/><\/figure>\n\n\n\n<h2 class=\"wp-block-heading\">Methodology<\/h2>\n\n\n\n<p>The coaching is needs-based and solution-oriented. The analysis of the initial situation determines the next steps. The process is participation-oriented and strengthens professionals in their personal responsibility. With a resource-oriented approach, the coaching builds on existing strengths and expands them with the expertise of Distanz e.V.<br><a id=\"_msocom_1\"><\/a><\/p>\n\n\n\n<figure class=\"wp-block-image size-full aside\"><img loading=\"lazy\" decoding=\"async\" width=\"400\" height=\"400\" src=\"https:\/\/distanz.info\/wp-content\/uploads\/2026\/01\/Icon_InfoKontakt-Brief_400-400.png\" alt=\"InfoKontakt\" class=\"wp-image-1790\" srcset=\"https:\/\/distanz.info\/wp-content\/uploads\/2026\/01\/Icon_InfoKontakt-Brief_400-400.png 400w, https:\/\/distanz.info\/wp-content\/uploads\/2026\/01\/Icon_InfoKontakt-Brief_400-400-300x300.png 300w, https:\/\/distanz.info\/wp-content\/uploads\/2026\/01\/Icon_InfoKontakt-Brief_400-400-150x150.png 150w\" sizes=\"auto, (max-width: 400px) 100vw, 400px\" \/><\/figure>\n\n\n\n<h5 class=\"wp-block-heading\"><strong>Are you interested in coaching? Please contact the <a href=\"https:\/\/distanz.info\/zfd\/\">Centre for <strong>Intervention Programm in a radicalisation process<\/strong><\/a>.<\/strong><\/h5>\n<\/div>\n\n\n\n<button class=\"readmore\">Show coaching information<\/button>\n<button class=\"readless\">Hide coaching information<\/button>\n<\/div>\n<\/li><li class=\"wp-block-post post-30 post type-post status-publish format-standard has-post-thumbnail hentry category-angebote\">\n\n<div class=\"wp-block-group has-global-padding is-layout-constrained wp-block-group-is-layout-constrained\">\n<div class=\"wp-block-group has-global-padding is-layout-constrained wp-block-group-is-layout-constrained\"><figure style=\"width:150px;height:150px;\" class=\"wp-block-post-featured-image\"><img loading=\"lazy\" decoding=\"async\" width=\"400\" height=\"400\" src=\"https:\/\/distanz.info\/wp-content\/uploads\/2025\/06\/distanz_angebot-training_AdobeStock_346391710.png\" class=\"attachment-full size-full wp-post-image\" alt=\"Illustration zweier Hanteln\" style=\"height:150px;object-fit:contain;\" srcset=\"https:\/\/distanz.info\/wp-content\/uploads\/2025\/06\/distanz_angebot-training_AdobeStock_346391710.png 400w, https:\/\/distanz.info\/wp-content\/uploads\/2025\/06\/distanz_angebot-training_AdobeStock_346391710-300x300.png 300w, https:\/\/distanz.info\/wp-content\/uploads\/2025\/06\/distanz_angebot-training_AdobeStock_346391710-150x150.png 150w\" sizes=\"auto, (max-width: 400px) 100vw, 400px\" \/><\/figure><\/div>\n\n\n<h2 class=\"wp-block-post-title\">Intervention Trainings<\/h2><\/div>\n\n\n<div class=\"entry-content wp-block-post-content is-layout-flow wp-block-post-content-is-layout-flow\">\n<p>Distanz e.V. supports young people in individual and group Deradicalisation Trainings, helping them to distance themselves from dehumanising and violence-affirming attitudes. By drawing on youth cultural, media-related and historical interests, access points to young people\u2019s life worlds are created and their sense of self-efficacy is strengthened. The Deradicalisation Training is an intensive educational measure that lasts on average one year and focuses on supporting young people in shaping a constructive future.<\/p>\n\n\n\n<div class=\"wp-block-group langtext has-global-padding is-content-justification-left is-layout-constrained wp-container-core-group-is-layout-12dd3699 wp-block-group-is-layout-constrained\">\n<figure class=\"wp-block-image size-full aside\"><img loading=\"lazy\" decoding=\"async\" width=\"400\" height=\"400\" src=\"https:\/\/distanz.info\/wp-content\/uploads\/2025\/09\/Icon_Ziel_400-400_blue.png\" alt=\"\" class=\"wp-image-509\" srcset=\"https:\/\/distanz.info\/wp-content\/uploads\/2025\/09\/Icon_Ziel_400-400_blue.png 400w, https:\/\/distanz.info\/wp-content\/uploads\/2025\/09\/Icon_Ziel_400-400_blue-300x300.png 300w, https:\/\/distanz.info\/wp-content\/uploads\/2025\/09\/Icon_Ziel_400-400_blue-150x150.png 150w\" sizes=\"auto, (max-width: 400px) 100vw, 400px\" \/><\/figure>\n\n\n\n<h2 class=\"wp-block-heading\">Goals of the Deradicalisation Training<\/h2>\n\n\n\n<ol class=\"wp-block-list\">\n<li><strong>Distancing from dehumanisation<\/strong>\n<ul class=\"wp-block-list\">\n<li>Reflection on dehumanising attitudes<\/li>\n\n\n\n<li>Addressing discriminatory views<\/li>\n\n\n\n<li>Development of human-rights-oriented perspectives<\/li>\n<\/ul>\n<\/li>\n\n\n\n<li><strong>Reduction of violence<\/strong>\n<ul class=\"wp-block-list\">\n<li>Raising awareness of the consequences of all forms of violence<\/li>\n\n\n\n<li>Development of non-violent conflict resolution strategies<\/li>\n<\/ul>\n<\/li>\n\n\n\n<li><strong>Self-worth and reflection<\/strong>\n<ul class=\"wp-block-list\">\n<li>Promoting empathy and perspective-taking<\/li>\n\n\n\n<li>Strengthening self-reflection and tolerance of ambiguity<\/li>\n<\/ul>\n<\/li>\n\n\n\n<li><strong>Meaningful life perspectives<\/strong>\n<ul class=\"wp-block-list\">\n<li>Support in future planning and leisure activities<\/li>\n\n\n\n<li>Development of alternative life concepts beyond dehumanising ideologies<\/li>\n<\/ul>\n<\/li>\n<\/ol>\n\n\n\n<h2 class=\"wp-block-heading\">Implementation<\/h2>\n\n\n\n<p>The training is designed to be outreach-based and flexible in order to reach young people in their life worlds with low barriers. Through cooperation with schools of all types, youth welfare offices and institutions of youth (social) work and independent youth services, a relationship-oriented approach is achieved. For each case, individual engagement strategies are discussed with the professionals involved. Within the ongoing process and in compliance with data protection regulations, they are involved in the outcomes of the trainings.<\/p>\n\n\n\n<figure class=\"wp-block-image size-full aside\"><img loading=\"lazy\" decoding=\"async\" width=\"400\" height=\"400\" src=\"https:\/\/distanz.info\/wp-content\/uploads\/2025\/09\/Icon_Methode_400-400_blue.png\" alt=\"\" class=\"wp-image-508\" srcset=\"https:\/\/distanz.info\/wp-content\/uploads\/2025\/09\/Icon_Methode_400-400_blue.png 400w, https:\/\/distanz.info\/wp-content\/uploads\/2025\/09\/Icon_Methode_400-400_blue-300x300.png 300w, https:\/\/distanz.info\/wp-content\/uploads\/2025\/09\/Icon_Methode_400-400_blue-150x150.png 150w\" sizes=\"auto, (max-width: 400px) 100vw, 400px\" \/><\/figure>\n\n\n\n<h2 class=\"wp-block-heading\">Training Methodology \u2013 the BRAKE Approach<\/h2>\n\n\n\n<p><strong>B (Relationship):<\/strong> Within the Deradicalisation Trainings, we aim to establish an educational relationship with the participants. A stable pedagogical relationship is the foundation of every training and the b<strong>asis f<\/strong>or intervention. Only within a trusting relationship will participants open up and reflect on criticism.<\/p>\n\n\n\n<p><strong>R (Reflection):<\/strong> The aim is to stimulate reflection processes among participants. They are encouraged to critically question themselves, gain insights and pursue new self-defined goals. This approach makes a significant contribution to distancing from deeply rooted dehumanising attitudes.<\/p>\n\n\n\n<p><strong>A (Outreach):<\/strong> The outreach aspect is of particular importance and shapes our work throughout the entire process. Our basic approach is not to provide an offer that can simply be taken up, but to actively approach potential participants. This means that the work does not begin with a motivation to distance oneself; instead, attitudes are problematised from the outside. This requires close cooperation with sensitised professionals in the everyday lives of young people at risk of entry.<\/p>\n\n\n\n<p><strong>K (Critique):<\/strong> Clear criticism of ideological fragments, generalisations and prejudices is also necessary. This criticism does not call the relationship into question; in some cases, it can even strengthen it. It may also meet young participants\u2019 need for friction and spark curiosity about a new perspective on an issue. Through a critical stance, the relationship level is consciously used to convey that certain personal qualities are valued, while specific political attitudes are problematised and\/or rejected.<\/p>\n\n\n\n<p><strong>E (Development):<\/strong> Over the course of the training, a developmental process is initiated among participants that aims to prevent further far-right socialisation and, ideally, open up new perspectives for respectful coexistence. Processes of distancing are ultimately to be understood as transformational processes of identity formation. This includes a view of humanity that grants everyone the possibility to change. We actively seek to shape this transformation process through the outreach-based BRAKE approach.<a id=\"_msocom_1\"><\/a><\/p>\n\n\n\n<figure class=\"wp-block-image size-full aside\"><img loading=\"lazy\" decoding=\"async\" width=\"400\" height=\"400\" src=\"https:\/\/distanz.info\/wp-content\/uploads\/2025\/06\/Leitbild_MiniStern_400-400_blue.png\" alt=\"\" class=\"wp-image-515\" srcset=\"https:\/\/distanz.info\/wp-content\/uploads\/2025\/06\/Leitbild_MiniStern_400-400_blue.png 400w, https:\/\/distanz.info\/wp-content\/uploads\/2025\/06\/Leitbild_MiniStern_400-400_blue-300x300.png 300w, https:\/\/distanz.info\/wp-content\/uploads\/2025\/06\/Leitbild_MiniStern_400-400_blue-150x150.png 150w\" sizes=\"auto, (max-width: 400px) 100vw, 400px\" \/><\/figure>\n\n\n\n<div class=\"wp-block-group focus1 modulakkordeon has-global-padding is-layout-constrained wp-block-group-is-layout-constrained\">\n<h2 class=\"wp-block-heading\">Insight into Our Deradicalisation Trainings<\/h2>\n\n\n\n<div class=\"wp-block-group akkordeon-content has-global-padding is-layout-constrained wp-block-group-is-layout-constrained\">\n<h4 class=\"wp-block-heading\">Practical example from a youth club<\/h4>\n\n\n\n<p>A young woman repeatedly attracts attention through comments that insult and demean young people with a history of forced migration. The youth club staff have already held many conversations with her, but so far the interventions have had little effect. The team discusses whether the young woman can continue to be tolerated in the club\u2019s premises. On the one hand, all young people should feel safe and welcome in the club; on the other hand, the staff fear the potential consequences for her development if she is forced to look for other places to spend her time. The team would like to make an offer and therefore contacts Distanz e.V. Together, a concrete and individual engagement strategy is discussed. While Distanz e.V. organises a space outside the club to implement the training, the staff approach the young woman. They are transparent in explaining that a ban from the premises due to her racist remarks is being considered, but that they would prefer to offer support instead. She is asked to attend an initial meeting with the trainers from Distanz e.V. together with a staff member from the youth club. At this first meeting, the staff member explains the reason for the training and then leaves after the training has been introduced. In the initial session, the trainers from Distanz e.V. focus as much as possible on the young woman\u2019s perspective, her interests, hobbies and everyday challenges. Through a respectful and life-world-oriented approach, the trainers are comparatively often able to motivate young people to participate voluntarily in the training.<\/p>\n\n\n\n<p>Thanks to their experience in working with young people who are at risk of or oriented towards far-right extremism, the trainers from Distanz e.V. relieve the youth club team. They are able to offer the young woman appropriate support and also assist the youth club team in the sustainable development of the organisation.<\/p>\n<\/div>\n\n\n\n<button class=\"accordion-more\">Show insight<\/button>\n\n\n\n<button class=\"accordion-less\">Hide insight<\/button>\n<\/div>\n\n\n\n<figure class=\"wp-block-image size-full aside\"><img loading=\"lazy\" decoding=\"async\" width=\"400\" height=\"400\" src=\"https:\/\/distanz.info\/wp-content\/uploads\/2026\/01\/Icon_InfoKontakt-Brief_400-400.png\" alt=\"InfoKontakt\" class=\"wp-image-1790\" srcset=\"https:\/\/distanz.info\/wp-content\/uploads\/2026\/01\/Icon_InfoKontakt-Brief_400-400.png 400w, https:\/\/distanz.info\/wp-content\/uploads\/2026\/01\/Icon_InfoKontakt-Brief_400-400-300x300.png 300w, https:\/\/distanz.info\/wp-content\/uploads\/2026\/01\/Icon_InfoKontakt-Brief_400-400-150x150.png 150w\" sizes=\"auto, (max-width: 400px) 100vw, 400px\" \/><\/figure>\n\n\n\n<h5 class=\"wp-block-heading\"><strong>f you are interested in a <strong>Deradicalisation Training<\/strong> or would like further information, please contact the <a href=\"https:\/\/distanz.info\/zfd\/\">Centre for <strong>Intervention Programm in a radicalisation process<\/strong><\/a>.<\/strong><\/h5>\n\n\n\n<p><a id=\"_msocom_1\"><\/a><a href=\"https:\/\/www.distanz.info\/wp-content\/uploads\/2021\/07\/2021_Brake_Ansatz_Aufsatz-Distanz-e.V..pdf\" target=\"_blank\" rel=\"noreferrer noopener\">More information on the BRAKE approach (PDF, approx. 1 MB)<\/a><\/p>\n\n\n\n<p><a href=\"https:\/\/www.distanz.info\/wp-content\/uploads\/2021\/08\/2020_Distanz-e.V.-_D-Netz_Broschuere.pdf\" target=\"_blank\" rel=\"noreferrer noopener\">Information brochure: Deradicalisation Trainings (PDF, approx. 2.3 MB)<\/a><\/p>\n<\/div>\n\n\n\n<button class=\"readmore\">Show information on the Deradicalisation Training<\/button>\n<button class=\"readless\">Hide information on the Deradicalisation Training<\/button>\n<\/div>\n<\/li><li class=\"wp-block-post post-32 post type-post status-publish format-standard has-post-thumbnail hentry category-angebote\">\n\n<div class=\"wp-block-group has-global-padding is-layout-constrained wp-block-group-is-layout-constrained\">\n<div class=\"wp-block-group has-global-padding is-layout-constrained wp-block-group-is-layout-constrained\"><figure style=\"width:150px;height:150px;\" class=\"wp-block-post-featured-image\"><img loading=\"lazy\" decoding=\"async\" width=\"400\" height=\"400\" src=\"https:\/\/distanz.info\/wp-content\/uploads\/2025\/06\/Icon_Fortbildung_400-400.png\" class=\"attachment-full size-full wp-post-image\" alt=\"\" style=\"height:150px;object-fit:contain;\" srcset=\"https:\/\/distanz.info\/wp-content\/uploads\/2025\/06\/Icon_Fortbildung_400-400.png 400w, https:\/\/distanz.info\/wp-content\/uploads\/2025\/06\/Icon_Fortbildung_400-400-300x300.png 300w, https:\/\/distanz.info\/wp-content\/uploads\/2025\/06\/Icon_Fortbildung_400-400-150x150.png 150w\" sizes=\"auto, (max-width: 400px) 100vw, 400px\" \/><\/figure><\/div>\n\n\n<h2 class=\"wp-block-post-title\">Training Programmes<\/h2><\/div>\n\n\n<div class=\"entry-content wp-block-post-content is-layout-flow wp-block-post-content-is-layout-flow\">\n<p>Distanz e.V. offers topic-specific training programmes based on a modular system. The trainings are aimed at both individuals and teams and can be individually tailored to specific needs. The duration of the training is determined by individual agreement and the respective requirements.<a id=\"_msocom_1\"><\/a><\/p>\n\n\n\n<div class=\"wp-block-group langtext has-global-padding is-content-justification-left is-layout-constrained wp-container-core-group-is-layout-12dd3699 wp-block-group-is-layout-constrained\">\n<figure class=\"wp-block-image size-full aside\"><img loading=\"lazy\" decoding=\"async\" width=\"400\" height=\"400\" src=\"https:\/\/distanz.info\/wp-content\/uploads\/2025\/11\/Icon_Beratung_400-400.png\" alt=\"\" class=\"wp-image-1161\" srcset=\"https:\/\/distanz.info\/wp-content\/uploads\/2025\/11\/Icon_Beratung_400-400.png 400w, https:\/\/distanz.info\/wp-content\/uploads\/2025\/11\/Icon_Beratung_400-400-300x300.png 300w, https:\/\/distanz.info\/wp-content\/uploads\/2025\/11\/Icon_Beratung_400-400-150x150.png 150w\" sizes=\"auto, (max-width: 400px) 100vw, 400px\" \/><\/figure>\n\n\n\n<h2 class=\"wp-block-heading\">Core Modules<\/h2>\n\n\n\n<p>The training programmes are based on three central modules:<\/p>\n\n\n\n<div class=\"wp-block-group focus1 modulakkordeon has-global-padding is-layout-constrained wp-block-group-is-layout-constrained\">\n<h3 class=\"wp-block-heading akkordeon-titel\">Module 1 \u2013 Perception<\/h3>\n\n\n\n<p class=\"subheadline\">Early detection of far-right entry processes<\/p>\n\n\n\n<div class=\"wp-block-group akkordeon-content has-global-padding is-layout-constrained wp-block-group-is-layout-constrained\">\n<h4 class=\"wp-block-heading\"><strong>Objectives:<\/strong><\/h4>\n\n\n\n<ol class=\"wp-block-list\">\n<li>Learn to recognise early signs of far-right orientation and how to classify them<\/li>\n\n\n\n<li>Reflection and exchange on one\u2019s own perceptions<\/li>\n<\/ol>\n\n\n\n<h4 class=\"wp-block-heading\">Content:<\/h4>\n\n\n\n<ul class=\"wp-block-list\">\n<li><strong>Motives for turning towards extremism:<\/strong> Why do young people feel attracted to far-right positions?<\/li>\n\n\n\n<li><strong>Risk factors:<\/strong> Which factors and circumstances put young people at risk?<\/li>\n\n\n\n<li><strong>Examination<\/strong> of underlying attitudes within right-wing extremism<\/li>\n\n\n\n<li><strong>Recognising<\/strong> far-right symbols, codes and signs and learning how to deal with them<\/li>\n\n\n\n<li><strong>Practical application:<\/strong> Using insights in everyday professional practice<\/li>\n<\/ul>\n<\/div>\n\n\n\n<button class=\"accordion-more\">Show objectives and content of Module 1<\/button>\n\n\n\n<button class=\"accordion-less\">Hide information on Module 1<\/button>\n<\/div>\n\n\n\n<div class=\"wp-block-group focus1 modulakkordeon has-global-padding is-layout-constrained wp-block-group-is-layout-constrained\">\n<h3 class=\"wp-block-heading akkordeon-titel\">Module 2 \u2013 Intervention<\/h3>\n\n\n\n<p class=\"subheadline\">Intervening in cases of dehumanising statements or incidents<\/p>\n\n\n\n<div class=\"wp-block-group akkordeon-content has-global-padding is-layout-constrained wp-block-group-is-layout-constrained\">\n<p>Educational professionals are often faced with the challenge of how to respond to far-right or dehumanising statements without endangering their relationship with young people. Module 2 supports you in intervening appropriately to the situation without straining the pedagogical relationship\u2014through reflection, confidence in action and concrete communication techniques.<\/p>\n\n\n\n<h4 class=\"wp-block-heading\">Ziele:<\/h4>\n\n\n\n<ol class=\"wp-block-list\">\n<li>Learn to adapt interventions to specific situations, contexts and goals<\/li>\n\n\n\n<li>Strengthen confidence in action without burdening the relationship level<\/li>\n\n\n\n<li>Reflect on obstacles that hinder professional pedagogical practice<\/li>\n<\/ol>\n\n\n\n<h4 class=\"wp-block-heading\">Content:<\/h4>\n\n\n\n<ul class=\"wp-block-list\">\n<li><strong>Reflection on personal attitudes:<\/strong> How do you assess your own stance on discrimination?<\/li>\n\n\n\n<li><strong>Discrimination and group-focused enmity:<\/strong> Forms and causes; strategies for recognition and prevention<\/li>\n\n\n\n<li><strong>Situation-appropriate intervention: <\/strong>Situation analysis and planning of intervention steps<\/li>\n\n\n\n<li><strong>Communication techniques:<\/strong> Approaches, techniques and strategies for guiding conversations and responding appropriately to apparent arguments<\/li>\n\n\n\n<li><strong>Practical examples:<\/strong> Discussion, reflection and practice using cases from participants\u2019 everyday professional work<\/li>\n<\/ul>\n<\/div>\n\n\n\n<button class=\"accordion-more\">Show objectives and content of Module 2<\/button>\n\n\n\n<button class=\"accordion-less\">Hide information on Module 2<\/button>\n<\/div>\n\n\n\n<div class=\"wp-block-group focus1 modulakkordeon has-global-padding is-layout-constrained wp-block-group-is-layout-constrained\">\n<h3 class=\"wp-block-heading akkordeon-titel\">Module 3 \u2013 Strategy Planning<\/h3>\n\n\n\n<p class=\"subheadline\">Developing sustainable concepts against group-focused enmity<\/p>\n\n\n\n<div class=\"wp-block-group akkordeon-content has-global-padding is-layout-constrained wp-block-group-is-layout-constrained\">\n<p>Individual interventions can be effective. However, sustainable change primarily emerges through a strategically coordinated approach at the organisational level. Module 3 supports you in developing a shared team ethos and systematically shaping structures and processes for effective prevention and intervention.<\/p>\n\n\n\n<h4 class=\"wp-block-heading\">Objectives:<\/h4>\n\n\n\n<ol class=\"wp-block-list\">\n<li>Convey a systematic approach to analysing the initial situation within your organisation<\/li>\n\n\n\n<li>Develop initial strategic approaches for sustainable prevention and intervention<\/li>\n\n\n\n<li>Promote teamwork through coordinated principles for action<\/li>\n<\/ol>\n\n\n\n<h4 class=\"wp-block-heading\">Content:<\/h4>\n\n\n\n<ul class=\"wp-block-list\">\n<li><strong>Introduction to a practical analysis tool for taking stock:<\/strong> What is the current state of attitudes, structures and processes in your organisation or team?<\/li>\n\n\n\n<li><strong>Resource analysis<\/strong>: Where are strengths, and where are gaps in dealing with dehumanising attitudes?<\/li>\n\n\n\n<li><strong>Strategic goals and measures<\/strong>: How can an organisation or team act effectively and sustainably against group-focused enmity?<\/li>\n\n\n\n<li><strong>Requirement of neutrality: <\/strong>What does it mean? What may be said? How can professionals deal with accusations of lacking neutrality?<\/li>\n\n\n\n<li><strong>Practical application:<\/strong> Working with concrete case examples<\/li>\n<\/ul>\n<\/div>\n\n\n\n<button class=\"accordion-more\">Show objectives and content of Module 3<\/button>\n\n\n\n<button class=\"accordion-less\">Hide information on Module 3<\/button>\n<\/div>\n\n\n\n<figure class=\"wp-block-image size-full aside\"><img loading=\"lazy\" decoding=\"async\" width=\"400\" height=\"400\" src=\"https:\/\/distanz.info\/wp-content\/uploads\/2025\/11\/Icon_JuKuBi_400-400.png\" alt=\"Skateboard mit einem Stapel von allerhand Sachen\" class=\"wp-image-1169\" srcset=\"https:\/\/distanz.info\/wp-content\/uploads\/2025\/11\/Icon_JuKuBi_400-400.png 400w, https:\/\/distanz.info\/wp-content\/uploads\/2025\/11\/Icon_JuKuBi_400-400-300x300.png 300w, https:\/\/distanz.info\/wp-content\/uploads\/2025\/11\/Icon_JuKuBi_400-400-150x150.png 150w\" sizes=\"auto, (max-width: 400px) 100vw, 400px\" \/><\/figure>\n\n\n\n<h2 class=\"wp-block-heading\">Thematic Modules<\/h2>\n\n\n\n<p>In addition to and independently of the core modules, further modules can be flexibly combined and requested:<\/p>\n\n\n\n<ul class=\"wp-block-list\">\n<li><strong>Youth cultural education:<\/strong> Using youth cultural elements for prevention and analysing far-right instrumentalisation<\/li>\n\n\n\n<li><strong>Online life worlds:<\/strong> Examination of far-right and dehumanising online phenomena<\/li>\n\n\n\n<li><strong>Gender:<\/strong> Critical analysis of gender-specific norms and roles and their function within dehumanising far-right ideologies and groups<\/li>\n\n\n\n<li><strong>Identity- and values-related media content:<\/strong> Critical engagement with media and disinformation<\/li>\n\n\n\n<li><strong>Conspiracy narratives:<\/strong> Recognising conspiracy-ideological narratives and understanding their modes of impact<\/li>\n<\/ul>\n\n\n\n<figure class=\"wp-block-image size-full aside\"><img loading=\"lazy\" decoding=\"async\" width=\"400\" height=\"400\" src=\"https:\/\/distanz.info\/wp-content\/uploads\/2025\/09\/Icon_Web_400-400_blue.png\" alt=\"Weltkugel mit Sprechblasen\" class=\"wp-image-511\" srcset=\"https:\/\/distanz.info\/wp-content\/uploads\/2025\/09\/Icon_Web_400-400_blue.png 400w, https:\/\/distanz.info\/wp-content\/uploads\/2025\/09\/Icon_Web_400-400_blue-300x300.png 300w, https:\/\/distanz.info\/wp-content\/uploads\/2025\/09\/Icon_Web_400-400_blue-150x150.png 150w\" sizes=\"auto, (max-width: 400px) 100vw, 400px\" \/><\/figure>\n\n\n\n<h2 class=\"wp-block-heading\">Online Intervention Programm in a radicalisation process<\/h2>\n\n\n\n<p>To respond to the growing challenges of online radicalisation, Distanz e.V. has developed the training programme <strong>\u201cWas los im Feed?\u201d<\/strong>. The training provides confidence in action when dealing with dehumanising and far-right communication on social media. The programme is situated within Online Intervention Programm in a radicalisation process (ODA), which encompasses pedagogical approaches to the prevention, assessment and handling of radicalisation processes in digital spaces.<br><a href=\"https:\/\/www.distanz.info\/projekte\/transform\/was-los-im-feed\/\">Learn more and register here<\/a>.<\/p>\n\n\n\n<figure class=\"wp-block-image size-full aside\"><img loading=\"lazy\" decoding=\"async\" width=\"400\" height=\"400\" src=\"https:\/\/distanz.info\/wp-content\/uploads\/2026\/01\/Icon_InfoKontakt-Brief_400-400.png\" alt=\"InfoKontakt\" class=\"wp-image-1790\" srcset=\"https:\/\/distanz.info\/wp-content\/uploads\/2026\/01\/Icon_InfoKontakt-Brief_400-400.png 400w, https:\/\/distanz.info\/wp-content\/uploads\/2026\/01\/Icon_InfoKontakt-Brief_400-400-300x300.png 300w, https:\/\/distanz.info\/wp-content\/uploads\/2026\/01\/Icon_InfoKontakt-Brief_400-400-150x150.png 150w\" sizes=\"auto, (max-width: 400px) 100vw, 400px\" \/><\/figure>\n\n\n\n<h5 class=\"wp-block-heading\"><strong>If you are interested in our training programmes or would like to individually coordinate modules, please contact the <a href=\"https:\/\/distanz.info\/zfd\/\">Centre for <strong>Intervention Programm in a radicalisation process<\/strong><\/a>.<\/strong><\/h5>\n\n\n\n<p><a href=\"https:\/\/distanz.info\/wp-content\/uploads\/2026\/01\/Fobi-Angebote_Distanz_lang.pdf\" target=\"_blank\" rel=\"noreferrer noopener\">Information on training offers of the Centre for Intervention Programm in a radicalisation process (PDF, approx. 250 KB)<\/a><\/p>\n<\/div>\n\n\n\n<button class=\"readmore\">Show training information<\/button>\n<button class=\"readless\">Hide training information<\/button>\n<\/div>\n<\/li><li class=\"wp-block-post post-36 post type-post status-publish format-standard has-post-thumbnail hentry category-angebote\">\n\n<div class=\"wp-block-group has-global-padding is-layout-constrained wp-block-group-is-layout-constrained\">\n<div class=\"wp-block-group has-global-padding is-layout-constrained wp-block-group-is-layout-constrained\"><figure style=\"width:150px;height:150px;\" class=\"wp-block-post-featured-image\"><img loading=\"lazy\" decoding=\"async\" width=\"400\" height=\"400\" src=\"https:\/\/distanz.info\/wp-content\/uploads\/2025\/06\/Icon_JuKuBi_400-400.png\" class=\"attachment-full size-full wp-post-image\" alt=\"\" style=\"height:150px;object-fit:contain;\" srcset=\"https:\/\/distanz.info\/wp-content\/uploads\/2025\/06\/Icon_JuKuBi_400-400.png 400w, https:\/\/distanz.info\/wp-content\/uploads\/2025\/06\/Icon_JuKuBi_400-400-300x300.png 300w, https:\/\/distanz.info\/wp-content\/uploads\/2025\/06\/Icon_JuKuBi_400-400-150x150.png 150w\" sizes=\"auto, (max-width: 400px) 100vw, 400px\" \/><\/figure><\/div>\n\n\n<h2 class=\"wp-block-post-title\">Youth Cultural Education<\/h2><\/div>\n\n\n<div class=\"entry-content wp-block-post-content is-layout-flow wp-block-post-content-is-layout-flow\">\n<p>Distanz e. V. works with young people aged 12 and above where they are \u2013 in schools, youth clubs, or at festivals. Using life-world-oriented methods and media education approaches, we promote self-efficacy and encourage reflection on exclusion. Participatory formats and the do-it-yourself approach are at the core of our work.<\/p>\n\n\n\n<div class=\"wp-block-group langtext has-global-padding is-content-justification-left is-layout-constrained wp-container-core-group-is-layout-12dd3699 wp-block-group-is-layout-constrained\">\n<figure class=\"wp-block-image size-full aside\"><img loading=\"lazy\" decoding=\"async\" width=\"400\" height=\"400\" src=\"https:\/\/distanz.info\/wp-content\/uploads\/2025\/09\/Icon_Methode_400-400_blue.png\" alt=\"\" class=\"wp-image-508\" srcset=\"https:\/\/distanz.info\/wp-content\/uploads\/2025\/09\/Icon_Methode_400-400_blue.png 400w, https:\/\/distanz.info\/wp-content\/uploads\/2025\/09\/Icon_Methode_400-400_blue-300x300.png 300w, https:\/\/distanz.info\/wp-content\/uploads\/2025\/09\/Icon_Methode_400-400_blue-150x150.png 150w\" sizes=\"auto, (max-width: 400px) 100vw, 400px\" \/><\/figure>\n\n\n\n<h2 class=\"wp-block-heading\">Methods and Approaches<\/h2>\n\n\n\n<ul class=\"wp-block-list\">\n<li><strong>Life-world orientation:<\/strong> Focus on the experiences and topics relevant to young people.<\/li>\n\n\n\n<li><strong>Youth cultural and media education:<\/strong> Promotion of self-reflection and self-efficacy through creative engagement with contemporary, historical, and political topics.<\/li>\n\n\n\n<li><strong>Diverse team:<\/strong> Political (historical) educators, pedagogues, and youth culture and media experts work collaboratively.<\/li>\n\n\n\n<li><strong>Participation:<\/strong> The workshops rely on active involvement and exploratory work throughout the process.<\/li>\n\n\n\n<li><strong>The do-it-yourself approach<\/strong> strengthens young people\u2019s empowerment<\/li>\n<\/ul>\n\n\n\n<figure class=\"wp-block-image size-full aside\"><img loading=\"lazy\" decoding=\"async\" width=\"400\" height=\"400\" src=\"https:\/\/distanz.info\/wp-content\/uploads\/2025\/09\/Icon_Ziel_400-400_blue.png\" alt=\"\" class=\"wp-image-509\" srcset=\"https:\/\/distanz.info\/wp-content\/uploads\/2025\/09\/Icon_Ziel_400-400_blue.png 400w, https:\/\/distanz.info\/wp-content\/uploads\/2025\/09\/Icon_Ziel_400-400_blue-300x300.png 300w, https:\/\/distanz.info\/wp-content\/uploads\/2025\/09\/Icon_Ziel_400-400_blue-150x150.png 150w\" sizes=\"auto, (max-width: 400px) 100vw, 400px\" \/><\/figure>\n\n\n\n<h2 class=\"wp-block-heading\">Objectives<\/h2>\n\n\n\n<ul class=\"wp-block-list\">\n<li><strong>Strengthening self-efficacy:<\/strong> Using elements of youth culture to support personal development.<\/li>\n\n\n\n<li><strong>Reflection on exclusion:<\/strong> Personal experiences of exclusion, as well as exclusion enacted by the participants themselves, are critically reflected upon.<\/li>\n\n\n\n<li><strong>Addressing life-world topics:<\/strong> Through participation in shaping the content, issues that represent real-life challenges for participants are discussed.<\/li>\n\n\n\n<li><strong>Further training for professionals:<\/strong> Accompanying training sessions ensure long-term quality.<\/li>\n\n\n\n<li><strong>Sustainable follow-up work:<\/strong> Confidential reports and follow-up reflection processes support the institutions.<\/li>\n<\/ul>\n\n\n\n<figure class=\"wp-block-image size-full aside\"><img loading=\"lazy\" decoding=\"async\" width=\"400\" height=\"400\" src=\"https:\/\/distanz.info\/wp-content\/uploads\/2026\/01\/Icon_ClapHands_400-400.png\" alt=\"Zwei Personen schlagen ein\" class=\"wp-image-1401\" srcset=\"https:\/\/distanz.info\/wp-content\/uploads\/2026\/01\/Icon_ClapHands_400-400.png 400w, https:\/\/distanz.info\/wp-content\/uploads\/2026\/01\/Icon_ClapHands_400-400-300x300.png 300w, https:\/\/distanz.info\/wp-content\/uploads\/2026\/01\/Icon_ClapHands_400-400-150x150.png 150w\" sizes=\"auto, (max-width: 400px) 100vw, 400px\" \/><\/figure>\n\n\n\n<h2 class=\"wp-block-heading\">Where do workshops take place?<\/h2>\n\n\n\n<ul class=\"wp-block-list\">\n<li>Schools (all types of schools)<\/li>\n\n\n\n<li>Youth clubs<\/li>\n\n\n\n<li>(Partially) residential facilities<\/li>\n\n\n\n<li>Public spaces and festivals<\/li>\n<\/ul>\n\n\n\n<figure class=\"wp-block-image size-full aside\"><img loading=\"lazy\" decoding=\"async\" width=\"400\" height=\"400\" src=\"https:\/\/distanz.info\/wp-content\/uploads\/2026\/01\/Icon_InfoKontakt-Brief_400-400.png\" alt=\"\" class=\"wp-image-1790\" srcset=\"https:\/\/distanz.info\/wp-content\/uploads\/2026\/01\/Icon_InfoKontakt-Brief_400-400.png 400w, https:\/\/distanz.info\/wp-content\/uploads\/2026\/01\/Icon_InfoKontakt-Brief_400-400-300x300.png 300w, https:\/\/distanz.info\/wp-content\/uploads\/2026\/01\/Icon_InfoKontakt-Brief_400-400-150x150.png 150w\" sizes=\"auto, (max-width: 400px) 100vw, 400px\" \/><\/figure>\n\n\n\n<h5 class=\"wp-block-heading\"><strong>Would you like to learn more about the CAP project or request workshops?<br>Please feel free to contact us by email at: <a>mail@distanz.info<\/a><\/strong><\/h5>\n<\/div>\n\n\n\n<button class=\"readmore\">Show information on youth cultural education\n<\/button>\n<button class=\"readless\">Hide information on youth cultural education<\/button>\n<\/div>\n<\/li><li class=\"wp-block-post post-40 post type-post status-publish format-standard has-post-thumbnail hentry category-angebote\">\n\n<div class=\"wp-block-group has-global-padding is-layout-constrained wp-block-group-is-layout-constrained\">\n<div class=\"wp-block-group has-global-padding is-layout-constrained wp-block-group-is-layout-constrained\"><figure style=\"width:150px;height:150px;\" class=\"wp-block-post-featured-image\"><img loading=\"lazy\" decoding=\"async\" width=\"400\" height=\"400\" src=\"https:\/\/distanz.info\/wp-content\/uploads\/2025\/06\/Icon_PerspektivTraninig_400-400.png\" class=\"attachment-full size-full wp-post-image\" alt=\"\" style=\"height:150px;object-fit:contain;\" srcset=\"https:\/\/distanz.info\/wp-content\/uploads\/2025\/06\/Icon_PerspektivTraninig_400-400.png 400w, https:\/\/distanz.info\/wp-content\/uploads\/2025\/06\/Icon_PerspektivTraninig_400-400-300x300.png 300w, https:\/\/distanz.info\/wp-content\/uploads\/2025\/06\/Icon_PerspektivTraninig_400-400-150x150.png 150w\" sizes=\"auto, (max-width: 400px) 100vw, 400px\" \/><\/figure><\/div>\n\n\n<h2 class=\"wp-block-post-title\">Perspektivtraining<\/h2><\/div>\n\n\n<div class=\"entry-content wp-block-post-content is-layout-flow wp-block-post-content-is-layout-flow\">\n<p>Das Perspektiv-Training st\u00e4rkt den positiven Blick junger Menschen auf ihr Leben. Gemeinsam erarbeiten wir Wege aus der Gewaltspirale, reflektieren soziales Verhalten und f\u00f6rdern eine straffreie Perspektive.<\/p>\n\n\n\n<div class=\"wp-block-group langtext has-global-padding is-content-justification-left is-layout-constrained wp-container-core-group-is-layout-12dd3699 wp-block-group-is-layout-constrained\">\n<figure class=\"wp-block-image size-full aside\"><img loading=\"lazy\" decoding=\"async\" width=\"400\" height=\"400\" src=\"https:\/\/distanz.info\/wp-content\/uploads\/2025\/09\/Icon_Ziel_400-400_blue.png\" alt=\"\" class=\"wp-image-509\" srcset=\"https:\/\/distanz.info\/wp-content\/uploads\/2025\/09\/Icon_Ziel_400-400_blue.png 400w, https:\/\/distanz.info\/wp-content\/uploads\/2025\/09\/Icon_Ziel_400-400_blue-300x300.png 300w, https:\/\/distanz.info\/wp-content\/uploads\/2025\/09\/Icon_Ziel_400-400_blue-150x150.png 150w\" sizes=\"auto, (max-width: 400px) 100vw, 400px\" \/><\/figure>\n\n\n\n<h2 class=\"wp-block-heading\">Zielgruppe<\/h2>\n\n\n\n<ul class=\"wp-block-list\">\n<li>Junge Menschen im Alter von 10 bis 27 Jahre<\/li>\n\n\n\n<li>Junge Menschen jeden Geschlechts, mit und ohne Behinderung<\/li>\n\n\n\n<li>Milieu\u00fcbergreifend und herkunftsunabh\u00e4ngig<\/li>\n\n\n\n<li>Teilnehmende mit Multiproblemlagen (z.B. Suchterfahrungen, famili\u00e4re Gewalt)<\/li>\n<\/ul>\n\n\n\n<h2 class=\"wp-block-heading\">Ziele des Perspektivtrainings<\/h2>\n\n\n\n<h4 class=\"wp-block-heading\"><strong>1. Zukunftsperspektiven entwickeln<\/strong><\/h4>\n\n\n\n<p>Junge Menschen werden ermutigt, ihre Lebensperspektiven bewusst und gewaltfrei zu gestalten. Im Mittelpunkt steht die F\u00f6rderung individueller Wege, die ein selbstbestimmtes und konstruktives Leben erm\u00f6glichen. Dazu geh\u00f6rt sowohl die Unterst\u00fctzung bei der Planung einer gewaltfreien Zukunft als auch die Anregung zu einer sinnvollen Freizeitgestaltung \u2013 insbesondere im jugendkulturellen Bereich. Erg\u00e4nzt wird dies durch Orientierungshilfen, die die pers\u00f6nliche Entwicklung st\u00e4rken und dabei helfen, eigene Potenziale zu erkennen und neue Lebenswege zu er\u00f6ffnen.<\/p>\n\n\n\n<figure class=\"wp-block-image size-full aside\"><img loading=\"lazy\" decoding=\"async\" width=\"400\" height=\"400\" src=\"https:\/\/distanz.info\/wp-content\/uploads\/2025\/11\/Icon_PerspektivTraninig_400-400.png\" alt=\"\" class=\"wp-image-1170\" srcset=\"https:\/\/distanz.info\/wp-content\/uploads\/2025\/11\/Icon_PerspektivTraninig_400-400.png 400w, https:\/\/distanz.info\/wp-content\/uploads\/2025\/11\/Icon_PerspektivTraninig_400-400-300x300.png 300w, https:\/\/distanz.info\/wp-content\/uploads\/2025\/11\/Icon_PerspektivTraninig_400-400-150x150.png 150w\" sizes=\"auto, (max-width: 400px) 100vw, 400px\" \/><\/figure>\n\n\n\n<h4 class=\"wp-block-heading\"><strong>2. Selbstreflexion f\u00f6rdern<\/strong><\/h4>\n\n\n\n<p>Ziel ist es, die eigene Lebensgestaltung bewusst zu reflektieren und die Hintergr\u00fcnde des eigenen Verhaltens besser zu verstehen. Durch die intensive Auseinandersetzung mit pers\u00f6nlichen Erfahrungen und Einstellungen werden Denkprozesse angeregt, die zu einem tieferen Selbstverst\u00e4ndnis f\u00fchren. Anregende Fragen unterst\u00fctzen dabei, eingefahrene Denkmuster zu hinterfragen und neue Perspektiven zu entwickeln. So wird ein selbstbewusster und verantwortungsvoller Umgang mit der eigenen Handlungsf\u00e4higkeit gef\u00f6rdert.<\/p>\n\n\n\n<h4 class=\"wp-block-heading\"><strong>3. Konfliktf\u00e4higkeit st\u00e4rken<\/strong><\/h4>\n\n\n\n<p>Konfliktf\u00e4higkeit st\u00e4rken bedeutet, eigene Gewaltmuster zu erkennen und alternative, gewaltfreie Handlungsweisen zu entwickeln. Dabei steht die Reflexion des eigenen Verhaltens ebenso im Mittelpunkt wie das kritische Hinterfragen gewaltf\u00f6rdernder Einstellungen. Durch die Entwicklung konstruktiver Konfliktl\u00f6sungsstrategien und die gezielte F\u00f6rderung sozialer Kompetenzen werden Selbstbewusstsein und Resilienz gegen\u00fcber Gruppendruck gest\u00e4rkt. So wird eine eigenverantwortliche Lebensf\u00fchrung auch unter benachteiligenden Bedingungen erm\u00f6glicht.<\/p>\n\n\n\n<figure class=\"wp-block-image size-full aside\"><img loading=\"lazy\" decoding=\"async\" width=\"400\" height=\"400\" src=\"https:\/\/distanz.info\/wp-content\/uploads\/2025\/09\/Icon_Methode_400-400_blue.png\" alt=\"\" class=\"wp-image-508\" srcset=\"https:\/\/distanz.info\/wp-content\/uploads\/2025\/09\/Icon_Methode_400-400_blue.png 400w, https:\/\/distanz.info\/wp-content\/uploads\/2025\/09\/Icon_Methode_400-400_blue-300x300.png 300w, https:\/\/distanz.info\/wp-content\/uploads\/2025\/09\/Icon_Methode_400-400_blue-150x150.png 150w\" sizes=\"auto, (max-width: 400px) 100vw, 400px\" \/><\/figure>\n\n\n\n<h2 class=\"wp-block-heading\">Methoden<\/h2>\n\n\n\n<ul class=\"wp-block-list\">\n<li><strong>Lebensweltorientierte Ans\u00e4tze:<\/strong> Nutzung jugendkultureller Methoden zur F\u00f6rderung von Beteiligung und Niedrigschwelligkeit.<\/li>\n\n\n\n<li><strong>Konfliktf\u00e4higkeit st\u00e4rken:<\/strong> Reflexion bestehender Konfliktl\u00f6sungsstrategien und Entwicklung alternativer Verhaltensweisen.<\/li>\n\n\n\n<li><strong>Pers\u00f6nlichkeitsentwicklung:<\/strong> F\u00f6rderung von Resilienz, Selbstbewusstsein, Widerspruchs- und Frustrationstoleranz.<\/li>\n\n\n\n<li><strong>Zukunftsperspektiven:<\/strong> Konstruktive Ideen entwickeln, um Gewalt abzubauen.<\/li>\n<\/ul>\n\n\n\n<figure class=\"wp-block-image size-full is-resized aside\"><img loading=\"lazy\" decoding=\"async\" width=\"400\" height=\"400\" src=\"https:\/\/distanz.info\/wp-content\/uploads\/2026\/01\/Icon_InfoKontakt-Brief_400-400.png\" alt=\"InfoKontakt\" class=\"wp-image-1790\" style=\"width:400px;height:auto\" srcset=\"https:\/\/distanz.info\/wp-content\/uploads\/2026\/01\/Icon_InfoKontakt-Brief_400-400.png 400w, https:\/\/distanz.info\/wp-content\/uploads\/2026\/01\/Icon_InfoKontakt-Brief_400-400-300x300.png 300w, https:\/\/distanz.info\/wp-content\/uploads\/2026\/01\/Icon_InfoKontakt-Brief_400-400-150x150.png 150w\" sizes=\"auto, (max-width: 400px) 100vw, 400px\" \/><\/figure>\n\n\n\n<h5 class=\"wp-block-heading\"><strong><strong>Sie m\u00f6chten mehr \u00fcber das Perspektivtraining erfahren? Schreiben Sie uns gerne eine Mail an <a href=\"mailto:mail@distanz.info\">mail@distanz.info<\/a><\/strong><\/strong><\/h5>\n<\/div>\n\n\n\n<button class=\"readmore\">Informationen zum Perspektivtraining anzeigen<\/button>\n<button class=\"readless\">Informationen zum Perspektivtraining ausblenden<\/button>\n<\/div>\n<\/li><\/ul>\n\n\n\n<\/div>\n","protected":false},"excerpt":{"rendered":"","protected":false},"author":1,"featured_media":828,"parent":0,"menu_order":0,"comment_status":"closed","ping_status":"closed","template":"","meta":{"give_campaign_id":0,"footnotes":""},"class_list":["post-13","page","type-page","status-publish","has-post-thumbnail","hentry"],"campaignId":"","_links":{"self":[{"href":"https:\/\/distanz.info\/en\/wp-json\/wp\/v2\/pages\/13","targetHints":{"allow":["GET"]}}],"collection":[{"href":"https:\/\/distanz.info\/en\/wp-json\/wp\/v2\/pages"}],"about":[{"href":"https:\/\/distanz.info\/en\/wp-json\/wp\/v2\/types\/page"}],"author":[{"embeddable":true,"href":"https:\/\/distanz.info\/en\/wp-json\/wp\/v2\/users\/1"}],"replies":[{"embeddable":true,"href":"https:\/\/distanz.info\/en\/wp-json\/wp\/v2\/comments?post=13"}],"version-history":[{"count":24,"href":"https:\/\/distanz.info\/en\/wp-json\/wp\/v2\/pages\/13\/revisions"}],"predecessor-version":[{"id":908,"href":"https:\/\/distanz.info\/en\/wp-json\/wp\/v2\/pages\/13\/revisions\/908"}],"wp:featuredmedia":[{"embeddable":true,"href":"https:\/\/distanz.info\/en\/wp-json\/wp\/v2\/media\/828"}],"wp:attachment":[{"href":"https:\/\/distanz.info\/en\/wp-json\/wp\/v2\/media?parent=13"}],"curies":[{"name":"wp","href":"https:\/\/api.w.org\/{rel}","templated":true}]}}