{"id":19,"date":"2025-06-27T15:44:47","date_gmt":"2025-06-27T13:44:47","guid":{"rendered":"https:\/\/geheimlab-weimar.de\/distanz3\/?page_id=19"},"modified":"2026-04-01T10:35:30","modified_gmt":"2026-04-01T08:35:30","slug":"netzwerk","status":"publish","type":"page","link":"https:\/\/distanz.info\/en\/netzwerk\/","title":{"rendered":"Network"},"content":{"rendered":"\n<p>Distanz e.V. operates nationwide, with a particular focus on Thuringia, and works closely with network partners. Professional exchange and academic support are central elements of this work. Especially during the transition from Intervention Programm in a radicalisation process to exit work, a continuous dialogue takes place. In addition, Distanz e.V. is in regular exchange with educators and multipliers from various disciplines.<\/p>\n\n\n\n<figure class=\"wp-block-gallery has-nested-images columns-default netzwerkgalerie wp-block-gallery-1 is-layout-flex wp-block-gallery-is-layout-flex\">\n<figure class=\"wp-block-image size-medium\"><img loading=\"lazy\" decoding=\"async\" width=\"300\" height=\"91\" data-id=\"587\" src=\"https:\/\/distanz.info\/wp-content\/uploads\/2025\/09\/uni-greifswald_Signet2018-RGB-300x91.png\" alt=\"Universit\u00e4t Greifswald. Wissen lockt. Seit 1456\" class=\"wp-image-587\" srcset=\"https:\/\/distanz.info\/wp-content\/uploads\/2025\/09\/uni-greifswald_Signet2018-RGB-300x91.png 300w, https:\/\/distanz.info\/wp-content\/uploads\/2025\/09\/uni-greifswald_Signet2018-RGB-768x234.png 768w, https:\/\/distanz.info\/wp-content\/uploads\/2025\/09\/uni-greifswald_Signet2018-RGB.png 881w\" sizes=\"auto, (max-width: 300px) 100vw, 300px\" \/><figcaption class=\"wp-element-caption\">Universit\u00e4t Greifswald<\/figcaption><\/figure>\n\n\n\n<figure class=\"wp-block-image size-medium\"><img loading=\"lazy\" decoding=\"async\" width=\"300\" height=\"87\" data-id=\"578\" src=\"https:\/\/distanz.info\/wp-content\/uploads\/2025\/09\/Nestor-Logo-png-300x87.png\" alt=\"Nestor\" class=\"wp-image-578\" srcset=\"https:\/\/distanz.info\/wp-content\/uploads\/2025\/09\/Nestor-Logo-png-300x87.png 300w, https:\/\/distanz.info\/wp-content\/uploads\/2025\/09\/Nestor-Logo-png-1024x296.png 1024w, https:\/\/distanz.info\/wp-content\/uploads\/2025\/09\/Nestor-Logo-png-768x222.png 768w, https:\/\/distanz.info\/wp-content\/uploads\/2025\/09\/Nestor-Logo-png-1536x444.png 1536w, https:\/\/distanz.info\/wp-content\/uploads\/2025\/09\/Nestor-Logo-png-2048x593.png 2048w\" sizes=\"auto, (max-width: 300px) 100vw, 300px\" \/><figcaption class=\"wp-element-caption\">Nestor \u2013 Bildungsinstitut S\u00f6mmerda<\/figcaption><\/figure>\n\n\n\n<figure class=\"wp-block-image size-medium\"><img loading=\"lazy\" decoding=\"async\" width=\"295\" height=\"300\" data-id=\"574\" src=\"https:\/\/distanz.info\/wp-content\/uploads\/2025\/09\/tjw-logo-cleaned_transparent-295x300.png\" alt=\"TJW\" class=\"wp-image-574\" srcset=\"https:\/\/distanz.info\/wp-content\/uploads\/2025\/09\/tjw-logo-cleaned_transparent-295x300.png 295w, https:\/\/distanz.info\/wp-content\/uploads\/2025\/09\/tjw-logo-cleaned_transparent-1007x1024.png 1007w, https:\/\/distanz.info\/wp-content\/uploads\/2025\/09\/tjw-logo-cleaned_transparent-768x781.png 768w, https:\/\/distanz.info\/wp-content\/uploads\/2025\/09\/tjw-logo-cleaned_transparent.png 1267w\" sizes=\"auto, (max-width: 295px) 100vw, 295px\" \/><\/figure>\n\n\n\n<figure class=\"wp-block-image size-medium\"><img loading=\"lazy\" decoding=\"async\" width=\"300\" height=\"90\" data-id=\"575\" src=\"https:\/\/distanz.info\/wp-content\/uploads\/2025\/09\/logo-eltern-web-rgb-300x90.png\" alt=\"Eltern st\u00e4rken \u2013\u00a0Beratung, Vernetzung, Fortbildung zum Thema Familie und Rechtsextremismus\" class=\"wp-image-575\" srcset=\"https:\/\/distanz.info\/wp-content\/uploads\/2025\/09\/logo-eltern-web-rgb-300x90.png 300w, https:\/\/distanz.info\/wp-content\/uploads\/2025\/09\/logo-eltern-web-rgb-1024x308.png 1024w, https:\/\/distanz.info\/wp-content\/uploads\/2025\/09\/logo-eltern-web-rgb-768x231.png 768w, https:\/\/distanz.info\/wp-content\/uploads\/2025\/09\/logo-eltern-web-rgb.png 1083w\" sizes=\"auto, (max-width: 300px) 100vw, 300px\" \/><figcaption class=\"wp-element-caption\">Eltern st\u00e4rken \u2013&nbsp;Beratung, Vernetzung, Fortbildung zum Thema Familie und Rechtsextremismus<\/figcaption><\/figure>\n\n\n\n<figure class=\"wp-block-image size-medium\"><img loading=\"lazy\" decoding=\"async\" width=\"300\" height=\"300\" data-id=\"576\" src=\"https:\/\/distanz.info\/wp-content\/uploads\/2025\/09\/OKJA-Logo-bunt-mit-schwarzem-Grund_Neu-300x300.png\" alt=\"OKJA Offene Kinder- und Jugendarbeit im Landkreis G\u00f6ttingen\" class=\"wp-image-576\" srcset=\"https:\/\/distanz.info\/wp-content\/uploads\/2025\/09\/OKJA-Logo-bunt-mit-schwarzem-Grund_Neu-300x300.png 300w, https:\/\/distanz.info\/wp-content\/uploads\/2025\/09\/OKJA-Logo-bunt-mit-schwarzem-Grund_Neu-1024x1024.png 1024w, https:\/\/distanz.info\/wp-content\/uploads\/2025\/09\/OKJA-Logo-bunt-mit-schwarzem-Grund_Neu-150x150.png 150w, https:\/\/distanz.info\/wp-content\/uploads\/2025\/09\/OKJA-Logo-bunt-mit-schwarzem-Grund_Neu-768x768.png 768w, https:\/\/distanz.info\/wp-content\/uploads\/2025\/09\/OKJA-Logo-bunt-mit-schwarzem-Grund_Neu-1536x1536.png 1536w, https:\/\/distanz.info\/wp-content\/uploads\/2025\/09\/OKJA-Logo-bunt-mit-schwarzem-Grund_Neu-2048x2048.png 2048w\" sizes=\"auto, (max-width: 300px) 100vw, 300px\" \/><figcaption class=\"wp-element-caption\">OKJA Offene Kinder- und Jugendarbeit im Landkreis G\u00f6ttingen<\/figcaption><\/figure>\n\n\n\n<figure class=\"wp-block-image size-medium\"><img loading=\"lazy\" decoding=\"async\" width=\"300\" height=\"58\" data-id=\"577\" src=\"https:\/\/distanz.info\/wp-content\/uploads\/2025\/09\/logo_VPN_300dpi-300x58.jpg\" alt=\"Violence Prevention Network\" class=\"wp-image-577\" srcset=\"https:\/\/distanz.info\/wp-content\/uploads\/2025\/09\/logo_VPN_300dpi-300x58.jpg 300w, https:\/\/distanz.info\/wp-content\/uploads\/2025\/09\/logo_VPN_300dpi-1024x200.jpg 1024w, https:\/\/distanz.info\/wp-content\/uploads\/2025\/09\/logo_VPN_300dpi-768x150.jpg 768w, https:\/\/distanz.info\/wp-content\/uploads\/2025\/09\/logo_VPN_300dpi.jpg 1354w\" sizes=\"auto, (max-width: 300px) 100vw, 300px\" \/><figcaption class=\"wp-element-caption\">Violence Prevention Network<\/figcaption><\/figure>\n\n\n\n<figure class=\"wp-block-image size-medium\"><img loading=\"lazy\" decoding=\"async\" width=\"300\" height=\"135\" data-id=\"579\" src=\"https:\/\/distanz.info\/wp-content\/uploads\/2025\/09\/LAPWeimar_Logo-def-RGB-300x135.jpg\" alt=\"Lokaler Aktionsplan Weimar\" class=\"wp-image-579\" srcset=\"https:\/\/distanz.info\/wp-content\/uploads\/2025\/09\/LAPWeimar_Logo-def-RGB-300x135.jpg 300w, https:\/\/distanz.info\/wp-content\/uploads\/2025\/09\/LAPWeimar_Logo-def-RGB-1024x460.jpg 1024w, https:\/\/distanz.info\/wp-content\/uploads\/2025\/09\/LAPWeimar_Logo-def-RGB-768x345.jpg 768w, https:\/\/distanz.info\/wp-content\/uploads\/2025\/09\/LAPWeimar_Logo-def-RGB.jpg 1181w\" sizes=\"auto, (max-width: 300px) 100vw, 300px\" \/><figcaption class=\"wp-element-caption\">Lokaler Aktionsplan Weimar<\/figcaption><\/figure>\n\n\n\n<figure class=\"wp-block-image size-medium\"><img loading=\"lazy\" decoding=\"async\" width=\"300\" height=\"20\" data-id=\"580\" src=\"https:\/\/distanz.info\/wp-content\/uploads\/2025\/09\/Logo-Buchenwald-300x20.jpg\" alt=\"Stiftung Gedenkst\u00e4tten \u2013 Buchenwald und Mittelbau-Dora\" class=\"wp-image-580\" srcset=\"https:\/\/distanz.info\/wp-content\/uploads\/2025\/09\/Logo-Buchenwald-300x20.jpg 300w, https:\/\/distanz.info\/wp-content\/uploads\/2025\/09\/Logo-Buchenwald-768x52.jpg 768w, https:\/\/distanz.info\/wp-content\/uploads\/2025\/09\/Logo-Buchenwald.jpg 1000w\" sizes=\"auto, (max-width: 300px) 100vw, 300px\" \/><figcaption class=\"wp-element-caption\">Stiftung Gedenkst\u00e4tten \u2013 Buchenwald und Mittelbau-Dora<\/figcaption><\/figure>\n\n\n\n<figure class=\"wp-block-image size-medium\"><img loading=\"lazy\" decoding=\"async\" width=\"300\" height=\"110\" data-id=\"581\" src=\"https:\/\/distanz.info\/wp-content\/uploads\/2025\/09\/logo-pfd-SOK-3-1024x374-1-300x110.jpg\" alt=\"Partnerschaft f\u00fcr Demokratie im Saale-Orla-Kreis\" class=\"wp-image-581\" srcset=\"https:\/\/distanz.info\/wp-content\/uploads\/2025\/09\/logo-pfd-SOK-3-1024x374-1-300x110.jpg 300w, https:\/\/distanz.info\/wp-content\/uploads\/2025\/09\/logo-pfd-SOK-3-1024x374-1-768x281.jpg 768w, https:\/\/distanz.info\/wp-content\/uploads\/2025\/09\/logo-pfd-SOK-3-1024x374-1.jpg 1024w\" sizes=\"auto, (max-width: 300px) 100vw, 300px\" \/><figcaption class=\"wp-element-caption\">Partnerschaft f\u00fcr Demokratie im Saale-Orla-Kreis<\/figcaption><\/figure>\n\n\n\n<figure class=\"wp-block-image size-medium\"><img loading=\"lazy\" decoding=\"async\" width=\"300\" height=\"119\" data-id=\"582\" src=\"https:\/\/distanz.info\/wp-content\/uploads\/2025\/09\/staydorfkind_logo_web_rgb_72dpi_1500pix-300x119.png\" alt=\"Stay #Dorfkind Jugendarbeit des Landkreis G\u00f6ttingen\" class=\"wp-image-582\" srcset=\"https:\/\/distanz.info\/wp-content\/uploads\/2025\/09\/staydorfkind_logo_web_rgb_72dpi_1500pix-300x119.png 300w, https:\/\/distanz.info\/wp-content\/uploads\/2025\/09\/staydorfkind_logo_web_rgb_72dpi_1500pix-1024x406.png 1024w, https:\/\/distanz.info\/wp-content\/uploads\/2025\/09\/staydorfkind_logo_web_rgb_72dpi_1500pix-768x305.png 768w, https:\/\/distanz.info\/wp-content\/uploads\/2025\/09\/staydorfkind_logo_web_rgb_72dpi_1500pix.png 1500w\" sizes=\"auto, (max-width: 300px) 100vw, 300px\" \/><figcaption class=\"wp-element-caption\">Stay #Dorfkind Jugendarbeit des Landkreis G\u00f6ttingen<\/figcaption><\/figure>\n\n\n\n<figure class=\"wp-block-image size-medium\"><img loading=\"lazy\" decoding=\"async\" width=\"300\" height=\"115\" data-id=\"583\" src=\"https:\/\/distanz.info\/wp-content\/uploads\/2025\/09\/Logo-TH-Demokratiebildung_Netzwerk-300x115.jpg\" alt=\"Demokratiebildung in Th\u00fcringen Netzwerk\" class=\"wp-image-583\" srcset=\"https:\/\/distanz.info\/wp-content\/uploads\/2025\/09\/Logo-TH-Demokratiebildung_Netzwerk-300x115.jpg 300w, https:\/\/distanz.info\/wp-content\/uploads\/2025\/09\/Logo-TH-Demokratiebildung_Netzwerk-1024x394.jpg 1024w, https:\/\/distanz.info\/wp-content\/uploads\/2025\/09\/Logo-TH-Demokratiebildung_Netzwerk-768x295.jpg 768w, https:\/\/distanz.info\/wp-content\/uploads\/2025\/09\/Logo-TH-Demokratiebildung_Netzwerk-1536x591.jpg 1536w, https:\/\/distanz.info\/wp-content\/uploads\/2025\/09\/Logo-TH-Demokratiebildung_Netzwerk-2048x788.jpg 2048w\" sizes=\"auto, (max-width: 300px) 100vw, 300px\" \/><figcaption class=\"wp-element-caption\">Th\u00fcringer Netzwerk f\u00fcr Demokratiebildung (Mitglied)<\/figcaption><\/figure>\n\n\n\n<figure class=\"wp-block-image size-medium\"><img loading=\"lazy\" decoding=\"async\" width=\"300\" height=\"87\" data-id=\"584\" src=\"https:\/\/distanz.info\/wp-content\/uploads\/2025\/09\/Landesverband-vhs-1-300x87.jpg\" alt=\"vhs Landesverband Th\u00fcringen\" class=\"wp-image-584\" srcset=\"https:\/\/distanz.info\/wp-content\/uploads\/2025\/09\/Landesverband-vhs-1-300x87.jpg 300w, https:\/\/distanz.info\/wp-content\/uploads\/2025\/09\/Landesverband-vhs-1-1024x296.jpg 1024w, https:\/\/distanz.info\/wp-content\/uploads\/2025\/09\/Landesverband-vhs-1-768x222.jpg 768w, https:\/\/distanz.info\/wp-content\/uploads\/2025\/09\/Landesverband-vhs-1-1536x444.jpg 1536w, https:\/\/distanz.info\/wp-content\/uploads\/2025\/09\/Landesverband-vhs-1-2048x592.jpg 2048w\" sizes=\"auto, (max-width: 300px) 100vw, 300px\" \/><figcaption class=\"wp-element-caption\">vhs Landesverband Th\u00fcringen<\/figcaption><\/figure>\n\n\n\n<figure class=\"wp-block-image size-medium\"><img loading=\"lazy\" decoding=\"async\" width=\"300\" height=\"137\" data-id=\"586\" src=\"https:\/\/distanz.info\/wp-content\/uploads\/2025\/09\/Logo-PARTHNER-Original-300x137.jpg\" alt=\"Parthner\" class=\"wp-image-586\" srcset=\"https:\/\/distanz.info\/wp-content\/uploads\/2025\/09\/Logo-PARTHNER-Original-300x137.jpg 300w, https:\/\/distanz.info\/wp-content\/uploads\/2025\/09\/Logo-PARTHNER-Original-1024x467.jpg 1024w, https:\/\/distanz.info\/wp-content\/uploads\/2025\/09\/Logo-PARTHNER-Original-768x350.jpg 768w, https:\/\/distanz.info\/wp-content\/uploads\/2025\/09\/Logo-PARTHNER-Original-1536x700.jpg 1536w, https:\/\/distanz.info\/wp-content\/uploads\/2025\/09\/Logo-PARTHNER-Original-2048x933.jpg 2048w\" sizes=\"auto, (max-width: 300px) 100vw, 300px\" \/><figcaption class=\"wp-element-caption\">Parthner<\/figcaption><\/figure>\n\n\n\n<figure class=\"wp-block-image size-medium\"><img loading=\"lazy\" decoding=\"async\" width=\"300\" height=\"79\" data-id=\"585\" src=\"https:\/\/distanz.info\/wp-content\/uploads\/2025\/09\/Logo-MitMenschen-e.V-300x79.jpg\" alt=\"MitMenschen e.V. mitmenschliche Dienstleistungen im Verein\" class=\"wp-image-585\" srcset=\"https:\/\/distanz.info\/wp-content\/uploads\/2025\/09\/Logo-MitMenschen-e.V-300x79.jpg 300w, https:\/\/distanz.info\/wp-content\/uploads\/2025\/09\/Logo-MitMenschen-e.V-1024x271.jpg 1024w, https:\/\/distanz.info\/wp-content\/uploads\/2025\/09\/Logo-MitMenschen-e.V-768x203.jpg 768w, https:\/\/distanz.info\/wp-content\/uploads\/2025\/09\/Logo-MitMenschen-e.V-1536x407.jpg 1536w, https:\/\/distanz.info\/wp-content\/uploads\/2025\/09\/Logo-MitMenschen-e.V-2048x542.jpg 2048w\" sizes=\"auto, (max-width: 300px) 100vw, 300px\" \/><figcaption class=\"wp-element-caption\">MitMenschen e.V. (Erfurt)<\/figcaption><\/figure>\n\n\n\n<figure class=\"wp-block-image size-medium\"><img loading=\"lazy\" decoding=\"async\" width=\"300\" height=\"200\" data-id=\"572\" src=\"https:\/\/distanz.info\/wp-content\/uploads\/2025\/09\/stadt-essen-300x200.png\" alt=\"Stadt Essen Kommunales Integrationszentrum\" class=\"wp-image-572\" srcset=\"https:\/\/distanz.info\/wp-content\/uploads\/2025\/09\/stadt-essen-300x200.png 300w, https:\/\/distanz.info\/wp-content\/uploads\/2025\/09\/stadt-essen-1024x684.png 1024w, https:\/\/distanz.info\/wp-content\/uploads\/2025\/09\/stadt-essen-768x513.png 768w, https:\/\/distanz.info\/wp-content\/uploads\/2025\/09\/stadt-essen.png 1200w\" sizes=\"auto, (max-width: 300px) 100vw, 300px\" \/><figcaption class=\"wp-element-caption\">Stadt Essen Kommunales Integrationszentrum<\/figcaption><\/figure>\n\n\n\n<figure class=\"wp-block-image size-medium\"><img loading=\"lazy\" decoding=\"async\" width=\"300\" height=\"300\" data-id=\"561\" src=\"https:\/\/distanz.info\/wp-content\/uploads\/2025\/09\/ZDK-300x300.jpg\" alt=\"ZDK Gesellschaft Demokratische Kultur gGmbH\" class=\"wp-image-561\" srcset=\"https:\/\/distanz.info\/wp-content\/uploads\/2025\/09\/ZDK-300x300.jpg 300w, https:\/\/distanz.info\/wp-content\/uploads\/2025\/09\/ZDK-1024x1024.jpg 1024w, https:\/\/distanz.info\/wp-content\/uploads\/2025\/09\/ZDK-150x150.jpg 150w, https:\/\/distanz.info\/wp-content\/uploads\/2025\/09\/ZDK-768x768.jpg 768w, https:\/\/distanz.info\/wp-content\/uploads\/2025\/09\/ZDK.jpg 1354w\" sizes=\"auto, (max-width: 300px) 100vw, 300px\" \/><figcaption class=\"wp-element-caption\">ZDK Gesellschaft Demokratische Kultur gGmbH<\/figcaption><\/figure>\n\n\n\n<figure class=\"wp-block-image size-medium\"><img loading=\"lazy\" decoding=\"async\" width=\"300\" height=\"133\" data-id=\"562\" src=\"https:\/\/distanz.info\/wp-content\/uploads\/2025\/09\/Stadtjugendring-Gera-300x133.jpg\" alt=\"Stadtjugendring Gera e.V.\" class=\"wp-image-562\" srcset=\"https:\/\/distanz.info\/wp-content\/uploads\/2025\/09\/Stadtjugendring-Gera-300x133.jpg 300w, https:\/\/distanz.info\/wp-content\/uploads\/2025\/09\/Stadtjugendring-Gera-768x341.jpg 768w, https:\/\/distanz.info\/wp-content\/uploads\/2025\/09\/Stadtjugendring-Gera.jpg 800w\" sizes=\"auto, (max-width: 300px) 100vw, 300px\" \/><figcaption class=\"wp-element-caption\">Stadtjugendring Gera e.V.<\/figcaption><\/figure>\n\n\n\n<figure class=\"wp-block-image size-medium\"><img loading=\"lazy\" decoding=\"async\" width=\"300\" height=\"48\" data-id=\"563\" src=\"https:\/\/distanz.info\/wp-content\/uploads\/2025\/09\/Logo-Anschubladen-300x48.png\" alt=\"Anschubladen\" class=\"wp-image-563\" srcset=\"https:\/\/distanz.info\/wp-content\/uploads\/2025\/09\/Logo-Anschubladen-300x48.png 300w, https:\/\/distanz.info\/wp-content\/uploads\/2025\/09\/Logo-Anschubladen-1024x164.png 1024w, https:\/\/distanz.info\/wp-content\/uploads\/2025\/09\/Logo-Anschubladen-768x123.png 768w, https:\/\/distanz.info\/wp-content\/uploads\/2025\/09\/Logo-Anschubladen-1536x245.png 1536w, https:\/\/distanz.info\/wp-content\/uploads\/2025\/09\/Logo-Anschubladen-2048x327.png 2048w\" sizes=\"auto, (max-width: 300px) 100vw, 300px\" \/><figcaption class=\"wp-element-caption\">Anschubladen e.V.<\/figcaption><\/figure>\n\n\n\n<figure class=\"wp-block-image size-medium\"><img loading=\"lazy\" decoding=\"async\" width=\"300\" height=\"70\" data-id=\"564\" src=\"https:\/\/distanz.info\/wp-content\/uploads\/2025\/09\/thillm-logo-1024x239-1-300x70.jpg\" alt=\"Freitstaat Th\u00fcrigen Institut f\u00fcr Lehrerfortbildung, Lehrplanentwicklung und Medien\" class=\"wp-image-564\" srcset=\"https:\/\/distanz.info\/wp-content\/uploads\/2025\/09\/thillm-logo-1024x239-1-300x70.jpg 300w, https:\/\/distanz.info\/wp-content\/uploads\/2025\/09\/thillm-logo-1024x239-1-768x179.jpg 768w, https:\/\/distanz.info\/wp-content\/uploads\/2025\/09\/thillm-logo-1024x239-1.jpg 1024w\" sizes=\"auto, (max-width: 300px) 100vw, 300px\" \/><figcaption class=\"wp-element-caption\">Freitstaat Th\u00fcrigen Institut f\u00fcr Lehrerfortbildung, Lehrplanentwicklung und Medien<\/figcaption><\/figure>\n\n\n\n<figure class=\"wp-block-image size-medium\"><img loading=\"lazy\" decoding=\"async\" width=\"300\" height=\"158\" data-id=\"565\" src=\"https:\/\/distanz.info\/wp-content\/uploads\/2025\/09\/social-og-image-300x158.png\" alt=\"modus|zad\" class=\"wp-image-565\" srcset=\"https:\/\/distanz.info\/wp-content\/uploads\/2025\/09\/social-og-image-300x158.png 300w, https:\/\/distanz.info\/wp-content\/uploads\/2025\/09\/social-og-image-1024x538.png 1024w, https:\/\/distanz.info\/wp-content\/uploads\/2025\/09\/social-og-image-768x403.png 768w, https:\/\/distanz.info\/wp-content\/uploads\/2025\/09\/social-og-image.png 1200w\" sizes=\"auto, (max-width: 300px) 100vw, 300px\" \/><figcaption class=\"wp-element-caption\">Praxisnahe Forschung f\u00fcr die Extremismuspr\u00e4vention<\/figcaption><\/figure>\n\n\n\n<figure class=\"wp-block-image size-medium\"><img loading=\"lazy\" decoding=\"async\" width=\"300\" height=\"227\" data-id=\"566\" src=\"https:\/\/distanz.info\/wp-content\/uploads\/2025\/09\/lap_header_2021_retina-1-300x227.jpg\" alt=\"Partnerschaft f\u00fcr Demokratie im Weimarer Land\" class=\"wp-image-566\" srcset=\"https:\/\/distanz.info\/wp-content\/uploads\/2025\/09\/lap_header_2021_retina-1-300x227.jpg 300w, https:\/\/distanz.info\/wp-content\/uploads\/2025\/09\/lap_header_2021_retina-1.jpg 498w\" sizes=\"auto, (max-width: 300px) 100vw, 300px\" \/><figcaption class=\"wp-element-caption\">Partnerschaft f\u00fcr Demokratie im Weimarer Land<\/figcaption><\/figure>\n\n\n\n<figure class=\"wp-block-image size-medium\"><img loading=\"lazy\" decoding=\"async\" width=\"300\" height=\"187\" data-id=\"567\" src=\"https:\/\/distanz.info\/wp-content\/uploads\/2025\/09\/logo-landesjugendwerk-thueringen-1-1-300x187.jpg\" alt=\"Landesjugendwerk der AWO Th\u00fcringen\" class=\"wp-image-567\" srcset=\"https:\/\/distanz.info\/wp-content\/uploads\/2025\/09\/logo-landesjugendwerk-thueringen-1-1-300x187.jpg 300w, https:\/\/distanz.info\/wp-content\/uploads\/2025\/09\/logo-landesjugendwerk-thueringen-1-1-768x478.jpg 768w, https:\/\/distanz.info\/wp-content\/uploads\/2025\/09\/logo-landesjugendwerk-thueringen-1-1.jpg 886w\" sizes=\"auto, (max-width: 300px) 100vw, 300px\" \/><figcaption class=\"wp-element-caption\">Landesjugendwerk der AWO Th\u00fcringen<\/figcaption><\/figure>\n\n\n\n<figure class=\"wp-block-image size-medium\"><img loading=\"lazy\" decoding=\"async\" width=\"280\" height=\"300\" data-id=\"568\" src=\"https:\/\/distanz.info\/wp-content\/uploads\/2025\/09\/Schau-HIN_vorOrt_Logo_mit_Auge-280x300.jpg\" alt=\"Schau hin vor Ort, Handeln, initiieren, Neugestalten\" class=\"wp-image-568\" srcset=\"https:\/\/distanz.info\/wp-content\/uploads\/2025\/09\/Schau-HIN_vorOrt_Logo_mit_Auge-280x300.jpg 280w, https:\/\/distanz.info\/wp-content\/uploads\/2025\/09\/Schau-HIN_vorOrt_Logo_mit_Auge-956x1024.jpg 956w, https:\/\/distanz.info\/wp-content\/uploads\/2025\/09\/Schau-HIN_vorOrt_Logo_mit_Auge-768x823.jpg 768w, https:\/\/distanz.info\/wp-content\/uploads\/2025\/09\/Schau-HIN_vorOrt_Logo_mit_Auge.jpg 1276w\" sizes=\"auto, (max-width: 280px) 100vw, 280px\" \/><figcaption class=\"wp-element-caption\">Schau hin vor Ort, Handeln, initiieren, Neugestalten<\/figcaption><\/figure>\n\n\n\n<figure class=\"wp-block-image size-medium\"><img loading=\"lazy\" decoding=\"async\" width=\"300\" height=\"70\" data-id=\"569\" src=\"https:\/\/distanz.info\/wp-content\/uploads\/2025\/09\/logo_lap_shk_300_aufweiss-300x70.jpg\" alt=\"Lokaler Aktionsplan Saale-Holzland-Kreis\" class=\"wp-image-569\" srcset=\"https:\/\/distanz.info\/wp-content\/uploads\/2025\/09\/logo_lap_shk_300_aufweiss-300x70.jpg 300w, https:\/\/distanz.info\/wp-content\/uploads\/2025\/09\/logo_lap_shk_300_aufweiss-1024x238.jpg 1024w, https:\/\/distanz.info\/wp-content\/uploads\/2025\/09\/logo_lap_shk_300_aufweiss-768x178.jpg 768w, https:\/\/distanz.info\/wp-content\/uploads\/2025\/09\/logo_lap_shk_300_aufweiss-1536x356.jpg 1536w, https:\/\/distanz.info\/wp-content\/uploads\/2025\/09\/logo_lap_shk_300_aufweiss.jpg 1728w\" sizes=\"auto, (max-width: 300px) 100vw, 300px\" \/><figcaption class=\"wp-element-caption\">Lokaler Aktionsplan Saale-Holzland-Kreis<\/figcaption><\/figure>\n\n\n\n<figure class=\"wp-block-image size-medium\"><img loading=\"lazy\" decoding=\"async\" width=\"272\" height=\"300\" data-id=\"570\" src=\"https:\/\/distanz.info\/wp-content\/uploads\/2025\/09\/lzpb-logo-272x300.jpg\" alt=\"Landeszentrale f\u00fcr politische Bildung Th\u00fcringen\" class=\"wp-image-570\" srcset=\"https:\/\/distanz.info\/wp-content\/uploads\/2025\/09\/lzpb-logo-272x300.jpg 272w, https:\/\/distanz.info\/wp-content\/uploads\/2025\/09\/lzpb-logo.jpg 643w\" sizes=\"auto, (max-width: 272px) 100vw, 272px\" \/><figcaption class=\"wp-element-caption\">Landeszentrale f\u00fcr politische Bildung Th\u00fcringen<\/figcaption><\/figure>\n\n\n\n<figure class=\"wp-block-image size-medium\"><img loading=\"lazy\" decoding=\"async\" width=\"300\" height=\"212\" data-id=\"571\" src=\"https:\/\/distanz.info\/wp-content\/uploads\/2025\/09\/Logo_ljrt_rgb_pink-300x212.png\" alt=\"Landesjugendring Th\u00fcringen\" class=\"wp-image-571\" srcset=\"https:\/\/distanz.info\/wp-content\/uploads\/2025\/09\/Logo_ljrt_rgb_pink-300x212.png 300w, https:\/\/distanz.info\/wp-content\/uploads\/2025\/09\/Logo_ljrt_rgb_pink-1024x724.png 1024w, https:\/\/distanz.info\/wp-content\/uploads\/2025\/09\/Logo_ljrt_rgb_pink-768x543.png 768w, https:\/\/distanz.info\/wp-content\/uploads\/2025\/09\/Logo_ljrt_rgb_pink-1536x1086.png 1536w, https:\/\/distanz.info\/wp-content\/uploads\/2025\/09\/Logo_ljrt_rgb_pink-2048x1448.png 2048w\" sizes=\"auto, (max-width: 300px) 100vw, 300px\" \/><figcaption class=\"wp-element-caption\">Landesjugendring Th\u00fcringen<\/figcaption><\/figure>\n\n\n\n<figure class=\"wp-block-image size-medium\"><img loading=\"lazy\" decoding=\"async\" width=\"300\" height=\"177\" data-id=\"573\" src=\"https:\/\/distanz.info\/wp-content\/uploads\/2025\/09\/lap_logo-300x177.png\" alt=\"Lokaler Aktionsplan gegen Rechtsextremismus der Stadt Erfurt, Partnerschaft f\u00fcr Demokratie\" class=\"wp-image-573\" srcset=\"https:\/\/distanz.info\/wp-content\/uploads\/2025\/09\/lap_logo-300x177.png 300w, https:\/\/distanz.info\/wp-content\/uploads\/2025\/09\/lap_logo.png 400w\" sizes=\"auto, (max-width: 300px) 100vw, 300px\" \/><figcaption class=\"wp-element-caption\">Lokaler Aktionsplan \/ Partnerschaft f\u00fcr Demokratie Erfurt<\/figcaption><\/figure>\n\n\n\n<figure class=\"wp-block-image size-medium\"><img loading=\"lazy\" decoding=\"async\" width=\"300\" height=\"91\" data-id=\"551\" src=\"https:\/\/distanz.info\/wp-content\/uploads\/2025\/09\/SLF_pfd-logo-gross-schwarz_2-1024x309-1-300x91.png\" alt=\"Parnerschaft f\u00fcr Demokratie Saalfeld-Rudolstadt\" class=\"wp-image-551\" srcset=\"https:\/\/distanz.info\/wp-content\/uploads\/2025\/09\/SLF_pfd-logo-gross-schwarz_2-1024x309-1-300x91.png 300w, https:\/\/distanz.info\/wp-content\/uploads\/2025\/09\/SLF_pfd-logo-gross-schwarz_2-1024x309-1-768x232.png 768w, https:\/\/distanz.info\/wp-content\/uploads\/2025\/09\/SLF_pfd-logo-gross-schwarz_2-1024x309-1.png 1024w\" sizes=\"auto, (max-width: 300px) 100vw, 300px\" \/><figcaption class=\"wp-element-caption\">Parnerschaft f\u00fcr Demokratie Saalfeld-Rudolstadt<\/figcaption><\/figure>\n\n\n\n<figure class=\"wp-block-image size-large\"><img loading=\"lazy\" decoding=\"async\" width=\"250\" height=\"157\" data-id=\"552\" src=\"https:\/\/distanz.info\/wp-content\/uploads\/2025\/09\/Lidice-Haus-d9f249b1.jpg\" alt=\"LidiceHaus\" class=\"wp-image-552\"\/><figcaption class=\"wp-element-caption\">Jugendbildungsst\u00e4tte LidiceHaus<\/figcaption><\/figure>\n\n\n\n<figure class=\"wp-block-image size-medium\"><img loading=\"lazy\" decoding=\"async\" width=\"300\" height=\"150\" data-id=\"553\" src=\"https:\/\/distanz.info\/wp-content\/uploads\/2025\/09\/ljrt-projekt-jetzt-ich-300x150.webp\" alt=\"Stiftung Demokratische Jugend; Projekt \u201eJetzt ich\u201c\" class=\"wp-image-553\" srcset=\"https:\/\/distanz.info\/wp-content\/uploads\/2025\/09\/ljrt-projekt-jetzt-ich-300x150.webp 300w, https:\/\/distanz.info\/wp-content\/uploads\/2025\/09\/ljrt-projekt-jetzt-ich-1024x512.webp 1024w, https:\/\/distanz.info\/wp-content\/uploads\/2025\/09\/ljrt-projekt-jetzt-ich-768x384.webp 768w, https:\/\/distanz.info\/wp-content\/uploads\/2025\/09\/ljrt-projekt-jetzt-ich.webp 1200w\" sizes=\"auto, (max-width: 300px) 100vw, 300px\" \/><figcaption class=\"wp-element-caption\">Stiftung Demokratische Jugend; Projekt \u201eJetzt ich\u201c<\/figcaption><\/figure>\n\n\n\n<figure class=\"wp-block-image size-large\"><img loading=\"lazy\" decoding=\"async\" width=\"250\" height=\"141\" data-id=\"554\" src=\"https:\/\/distanz.info\/wp-content\/uploads\/2025\/09\/Mobit-Logo-67edd98b.png\" alt=\"Mobit: Mobile Beratung in Th\u00fciringen f\u00fcr Demokratie \u2013 gegen Rechtsextremismus\" class=\"wp-image-554\"\/><figcaption class=\"wp-element-caption\">Mobit: Mobile Beratung in Th\u00fciringen f\u00fcr Demokratie \u2013 gegen Rechtsextremismus<\/figcaption><\/figure>\n\n\n\n<figure class=\"wp-block-image size-medium\"><img loading=\"lazy\" decoding=\"async\" width=\"300\" height=\"105\" data-id=\"555\" src=\"https:\/\/distanz.info\/wp-content\/uploads\/2025\/09\/Radio_Top_40_Logo.svg_-300x105.png\" alt=\"Radio Top40\" class=\"wp-image-555\" srcset=\"https:\/\/distanz.info\/wp-content\/uploads\/2025\/09\/Radio_Top_40_Logo.svg_-300x105.png 300w, https:\/\/distanz.info\/wp-content\/uploads\/2025\/09\/Radio_Top_40_Logo.svg_-768x269.png 768w, https:\/\/distanz.info\/wp-content\/uploads\/2025\/09\/Radio_Top_40_Logo.svg_.png 800w\" sizes=\"auto, (max-width: 300px) 100vw, 300px\" \/><figcaption class=\"wp-element-caption\">Radio Top40<\/figcaption><\/figure>\n\n\n\n<figure class=\"wp-block-image size-medium\"><img loading=\"lazy\" decoding=\"async\" width=\"300\" height=\"146\" data-id=\"556\" src=\"https:\/\/distanz.info\/wp-content\/uploads\/2025\/09\/RUK_Logo_1024x499-300x146.jpg\" alt=\"RUK Forschungsstelle der Fachhochschule Erfurt\" class=\"wp-image-556\" srcset=\"https:\/\/distanz.info\/wp-content\/uploads\/2025\/09\/RUK_Logo_1024x499-300x146.jpg 300w, https:\/\/distanz.info\/wp-content\/uploads\/2025\/09\/RUK_Logo_1024x499-768x374.jpg 768w, https:\/\/distanz.info\/wp-content\/uploads\/2025\/09\/RUK_Logo_1024x499.jpg 1024w\" sizes=\"auto, (max-width: 300px) 100vw, 300px\" \/><figcaption class=\"wp-element-caption\">RUK Forschungsstelle der Fachhochschule Erfurt<\/figcaption><\/figure>\n\n\n\n<figure class=\"wp-block-image size-medium\"><img loading=\"lazy\" decoding=\"async\" width=\"300\" height=\"129\" data-id=\"557\" src=\"https:\/\/distanz.info\/wp-content\/uploads\/2025\/09\/VHS-Doppel-Logo-weiss_Awe-freigegeben_Screen-002-300x129.png\" alt=\"Stadt Essen Volkshochschule\" class=\"wp-image-557\" srcset=\"https:\/\/distanz.info\/wp-content\/uploads\/2025\/09\/VHS-Doppel-Logo-weiss_Awe-freigegeben_Screen-002-300x129.png 300w, https:\/\/distanz.info\/wp-content\/uploads\/2025\/09\/VHS-Doppel-Logo-weiss_Awe-freigegeben_Screen-002.png 466w\" sizes=\"auto, (max-width: 300px) 100vw, 300px\" \/><figcaption class=\"wp-element-caption\">Stadt Essen Volkshochschule<\/figcaption><\/figure>\n\n\n\n<figure class=\"wp-block-image size-medium\"><img loading=\"lazy\" decoding=\"async\" width=\"300\" height=\"72\" data-id=\"558\" src=\"https:\/\/distanz.info\/wp-content\/uploads\/2025\/09\/LKJ-quer-300x72.png\" alt=\"Landesvereinigung Kulturelle Jugendbildung Th\u00fcringen e.V.\" class=\"wp-image-558\" srcset=\"https:\/\/distanz.info\/wp-content\/uploads\/2025\/09\/LKJ-quer-300x72.png 300w, https:\/\/distanz.info\/wp-content\/uploads\/2025\/09\/LKJ-quer-768x183.png 768w, https:\/\/distanz.info\/wp-content\/uploads\/2025\/09\/LKJ-quer.png 800w\" sizes=\"auto, (max-width: 300px) 100vw, 300px\" \/><figcaption class=\"wp-element-caption\">Landesvereinigung Kulturelle Jugendbildung Th\u00fcringen e.V.<\/figcaption><\/figure>\n\n\n\n<figure class=\"wp-block-image size-medium\"><img loading=\"lazy\" decoding=\"async\" width=\"300\" height=\"240\" data-id=\"560\" src=\"https:\/\/distanz.info\/wp-content\/uploads\/2025\/09\/STK-Logo-Signet-300x240.png\" alt=\"Stadtteilkonferenz Erfurt S\u00fcdost\" class=\"wp-image-560\" srcset=\"https:\/\/distanz.info\/wp-content\/uploads\/2025\/09\/STK-Logo-Signet-300x240.png 300w, https:\/\/distanz.info\/wp-content\/uploads\/2025\/09\/STK-Logo-Signet.png 768w\" sizes=\"auto, (max-width: 300px) 100vw, 300px\" \/><figcaption class=\"wp-element-caption\">Stadtteilkonferenz Erfurt S\u00fcdost<\/figcaption><\/figure>\n\n\n\n<figure class=\"wp-block-image size-medium\"><img loading=\"lazy\" decoding=\"async\" width=\"300\" height=\"187\" data-id=\"559\" src=\"https:\/\/distanz.info\/wp-content\/uploads\/2025\/09\/logo-landesjugendwerk-thueringen-1-300x187.jpg\" alt=\"Landesjugendwerk der AWO Th\u00fcringen\" class=\"wp-image-559\" srcset=\"https:\/\/distanz.info\/wp-content\/uploads\/2025\/09\/logo-landesjugendwerk-thueringen-1-300x187.jpg 300w, https:\/\/distanz.info\/wp-content\/uploads\/2025\/09\/logo-landesjugendwerk-thueringen-1-768x478.jpg 768w, https:\/\/distanz.info\/wp-content\/uploads\/2025\/09\/logo-landesjugendwerk-thueringen-1.jpg 886w\" sizes=\"auto, (max-width: 300px) 100vw, 300px\" \/><figcaption class=\"wp-element-caption\">Landesjugendwerk der AWO Th\u00fcringen<\/figcaption><\/figure>\n\n\n\n<figure class=\"wp-block-image size-medium\"><img loading=\"lazy\" decoding=\"async\" width=\"300\" height=\"212\" data-id=\"550\" src=\"https:\/\/distanz.info\/wp-content\/uploads\/2025\/09\/stellwerk_screen_zweizeiler-300x212.png\" alt=\"Stellwerk junges Theater\" class=\"wp-image-550\" srcset=\"https:\/\/distanz.info\/wp-content\/uploads\/2025\/09\/stellwerk_screen_zweizeiler-300x212.png 300w, https:\/\/distanz.info\/wp-content\/uploads\/2025\/09\/stellwerk_screen_zweizeiler-768x544.png 768w, https:\/\/distanz.info\/wp-content\/uploads\/2025\/09\/stellwerk_screen_zweizeiler.png 843w\" sizes=\"auto, (max-width: 300px) 100vw, 300px\" \/><figcaption class=\"wp-element-caption\">Stellwerk junges Theater<\/figcaption><\/figure>\n\n\n\n<figure class=\"wp-block-image size-medium\"><img loading=\"lazy\" decoding=\"async\" width=\"300\" height=\"300\" data-id=\"549\" src=\"https:\/\/distanz.info\/wp-content\/uploads\/2025\/09\/Logo_PERSPEKTIV-e.V._Erfurt-300x300.jpg\" alt=\"Perspektiv e.V. \u2013 offen dialogisch kompetent\" class=\"wp-image-549\" srcset=\"https:\/\/distanz.info\/wp-content\/uploads\/2025\/09\/Logo_PERSPEKTIV-e.V._Erfurt-300x300.jpg 300w, https:\/\/distanz.info\/wp-content\/uploads\/2025\/09\/Logo_PERSPEKTIV-e.V._Erfurt-150x150.jpg 150w, https:\/\/distanz.info\/wp-content\/uploads\/2025\/09\/Logo_PERSPEKTIV-e.V._Erfurt.jpg 710w\" sizes=\"auto, (max-width: 300px) 100vw, 300px\" \/><figcaption class=\"wp-element-caption\">Perspektiv e.V. \u2013 offen dialogisch kompetent<\/figcaption><\/figure>\n\n\n\n<figure class=\"wp-block-image size-medium\"><img loading=\"lazy\" decoding=\"async\" width=\"300\" height=\"236\" data-id=\"539\" src=\"https:\/\/distanz.info\/wp-content\/uploads\/2025\/09\/INDZ-Logo_RGB-300x236.jpg\" alt=\"IDZ\" class=\"wp-image-539\" srcset=\"https:\/\/distanz.info\/wp-content\/uploads\/2025\/09\/INDZ-Logo_RGB-300x236.jpg 300w, https:\/\/distanz.info\/wp-content\/uploads\/2025\/09\/INDZ-Logo_RGB-1024x805.jpg 1024w, https:\/\/distanz.info\/wp-content\/uploads\/2025\/09\/INDZ-Logo_RGB-768x603.jpg 768w, https:\/\/distanz.info\/wp-content\/uploads\/2025\/09\/INDZ-Logo_RGB.jpg 1181w\" sizes=\"auto, (max-width: 300px) 100vw, 300px\" \/><figcaption class=\"wp-element-caption\">Institut f\u00fcr Demokratie und Zivilgesellschaft, Jena<\/figcaption><\/figure>\n\n\n\n<figure class=\"wp-block-image size-medium\"><img loading=\"lazy\" decoding=\"async\" width=\"300\" height=\"190\" data-id=\"540\" src=\"https:\/\/distanz.info\/wp-content\/uploads\/2025\/09\/HBS-Logo-4c-2-1024x649-1-300x190.jpeg\" alt=\"Heinrich-B\u00f6ll-Stitung Th\u00fcringen e.V.\" class=\"wp-image-540\" srcset=\"https:\/\/distanz.info\/wp-content\/uploads\/2025\/09\/HBS-Logo-4c-2-1024x649-1-300x190.jpeg 300w, https:\/\/distanz.info\/wp-content\/uploads\/2025\/09\/HBS-Logo-4c-2-1024x649-1-768x487.jpeg 768w, https:\/\/distanz.info\/wp-content\/uploads\/2025\/09\/HBS-Logo-4c-2-1024x649-1.jpeg 1024w\" sizes=\"auto, (max-width: 300px) 100vw, 300px\" \/><figcaption class=\"wp-element-caption\">Heinrich-B\u00f6ll-Stitung Th\u00fcringen e.V.<\/figcaption><\/figure>\n\n\n\n<figure class=\"wp-block-image size-medium\"><img loading=\"lazy\" decoding=\"async\" width=\"300\" height=\"71\" data-id=\"541\" src=\"https:\/\/distanz.info\/wp-content\/uploads\/2025\/09\/HOeB_Logo-mit-Schriftzug_neu-300x71.png\" alt=\"H\u00d6B Historisch-\u00d6kologische Bildungsst\u00e4tte Emsland in Papenburg e.V.\" class=\"wp-image-541\" srcset=\"https:\/\/distanz.info\/wp-content\/uploads\/2025\/09\/HOeB_Logo-mit-Schriftzug_neu-300x71.png 300w, https:\/\/distanz.info\/wp-content\/uploads\/2025\/09\/HOeB_Logo-mit-Schriftzug_neu-1024x241.png 1024w, https:\/\/distanz.info\/wp-content\/uploads\/2025\/09\/HOeB_Logo-mit-Schriftzug_neu-768x181.png 768w, https:\/\/distanz.info\/wp-content\/uploads\/2025\/09\/HOeB_Logo-mit-Schriftzug_neu-1536x361.png 1536w, https:\/\/distanz.info\/wp-content\/uploads\/2025\/09\/HOeB_Logo-mit-Schriftzug_neu-2048x482.png 2048w\" sizes=\"auto, (max-width: 300px) 100vw, 300px\" \/><figcaption class=\"wp-element-caption\">H\u00d6B Historisch-\u00d6kologische Bildungsst\u00e4tte Emsland in Papenburg e.V.<\/figcaption><\/figure>\n\n\n\n<figure class=\"wp-block-image size-medium\"><img loading=\"lazy\" decoding=\"async\" width=\"300\" height=\"153\" data-id=\"542\" src=\"https:\/\/distanz.info\/wp-content\/uploads\/2025\/09\/JBF-Logo-CMYK-300x153.jpg\" alt=\"JBF Jugendberufsf\u00f6rderung Erfurt\" class=\"wp-image-542\" srcset=\"https:\/\/distanz.info\/wp-content\/uploads\/2025\/09\/JBF-Logo-CMYK-300x153.jpg 300w, https:\/\/distanz.info\/wp-content\/uploads\/2025\/09\/JBF-Logo-CMYK-1024x521.jpg 1024w, https:\/\/distanz.info\/wp-content\/uploads\/2025\/09\/JBF-Logo-CMYK-768x391.jpg 768w, https:\/\/distanz.info\/wp-content\/uploads\/2025\/09\/JBF-Logo-CMYK-1536x781.jpg 1536w, https:\/\/distanz.info\/wp-content\/uploads\/2025\/09\/JBF-Logo-CMYK-2048x1042.jpg 2048w\" sizes=\"auto, (max-width: 300px) 100vw, 300px\" \/><figcaption class=\"wp-element-caption\">JBF Jugendberufsf\u00f6rderung Erfurt <\/figcaption><\/figure>\n\n\n\n<figure class=\"wp-block-image size-medium\"><img loading=\"lazy\" decoding=\"async\" width=\"300\" height=\"150\" data-id=\"543\" src=\"https:\/\/distanz.info\/wp-content\/uploads\/2025\/09\/Jugendberufshilfe_Logo-hoehere-Aufloesung-1536x767-1-300x150.jpg\" alt=\"jbh Jungendberufshilfe Th\u00fcringen e.V.\" class=\"wp-image-543\" srcset=\"https:\/\/distanz.info\/wp-content\/uploads\/2025\/09\/Jugendberufshilfe_Logo-hoehere-Aufloesung-1536x767-1-300x150.jpg 300w, https:\/\/distanz.info\/wp-content\/uploads\/2025\/09\/Jugendberufshilfe_Logo-hoehere-Aufloesung-1536x767-1-1024x511.jpg 1024w, https:\/\/distanz.info\/wp-content\/uploads\/2025\/09\/Jugendberufshilfe_Logo-hoehere-Aufloesung-1536x767-1-768x384.jpg 768w, https:\/\/distanz.info\/wp-content\/uploads\/2025\/09\/Jugendberufshilfe_Logo-hoehere-Aufloesung-1536x767-1.jpg 1536w\" sizes=\"auto, (max-width: 300px) 100vw, 300px\" \/><figcaption class=\"wp-element-caption\">jbh Jungendberufshilfe Th\u00fcringen e.V.<\/figcaption><\/figure>\n\n\n\n<figure class=\"wp-block-image size-large\"><img loading=\"lazy\" decoding=\"async\" width=\"203\" height=\"248\" data-id=\"544\" src=\"https:\/\/distanz.info\/wp-content\/uploads\/2025\/09\/LAG-Gesundheit.png\" alt=\"AGETHUR \u2013\u00a0Landesvereinigung f\u00fcr Gesundheitsf\u00f6rderung Th\u00fcringen e.V.\" class=\"wp-image-544\"\/><figcaption class=\"wp-element-caption\">AGETHUR \u2013&nbsp;Landesvereinigung f\u00fcr Gesundheitsf\u00f6rderung Th\u00fcringen e.V.<\/figcaption><\/figure>\n\n\n\n<figure class=\"wp-block-image size-large\"><img loading=\"lazy\" decoding=\"async\" width=\"250\" height=\"109\" data-id=\"548\" src=\"https:\/\/distanz.info\/wp-content\/uploads\/2025\/09\/Ruf-Logo-458a7f3d.jpg\" alt=\"Fachstelle Rechtsextremismus und Familie\" class=\"wp-image-548\"\/><figcaption class=\"wp-element-caption\">Fachstelle Rechtsextremismus und Familie<\/figcaption><\/figure>\n\n\n\n<figure class=\"wp-block-image size-medium\"><img loading=\"lazy\" decoding=\"async\" width=\"300\" height=\"86\" data-id=\"547\" src=\"https:\/\/distanz.info\/wp-content\/uploads\/2025\/09\/oma_eV_rgb-600x172-1-300x86.jpg\" alt=\"OMA Other music academy e.V.\" class=\"wp-image-547\" srcset=\"https:\/\/distanz.info\/wp-content\/uploads\/2025\/09\/oma_eV_rgb-600x172-1-300x86.jpg 300w, https:\/\/distanz.info\/wp-content\/uploads\/2025\/09\/oma_eV_rgb-600x172-1.jpg 600w\" sizes=\"auto, (max-width: 300px) 100vw, 300px\" \/><figcaption class=\"wp-element-caption\">OMA Other music academy e.V.<\/figcaption><\/figure>\n\n\n\n<figure class=\"wp-block-image size-medium\"><img loading=\"lazy\" decoding=\"async\" width=\"300\" height=\"151\" data-id=\"546\" src=\"https:\/\/distanz.info\/wp-content\/uploads\/2025\/09\/KoBAGS_Logo-300x151.jpg\" alt=\"KOBAGS Koordinierung von Beratung und Angeboten f\u00fcr Gesunde Schulen in Th\u00fcringen\" class=\"wp-image-546\" srcset=\"https:\/\/distanz.info\/wp-content\/uploads\/2025\/09\/KoBAGS_Logo-300x151.jpg 300w, https:\/\/distanz.info\/wp-content\/uploads\/2025\/09\/KoBAGS_Logo.jpg 360w\" sizes=\"auto, (max-width: 300px) 100vw, 300px\" \/><figcaption class=\"wp-element-caption\">KOBAGS Koordinierung von Beratung und Angeboten f\u00fcr Gesunde Schulen in Th\u00fcringen<\/figcaption><\/figure>\n\n\n\n<figure class=\"wp-block-image size-medium\"><img loading=\"lazy\" decoding=\"async\" width=\"300\" height=\"95\" data-id=\"545\" src=\"https:\/\/distanz.info\/wp-content\/uploads\/2025\/09\/komrex-logo-300x95.jpeg\" alt=\"Komrex \u2013 Zentrum f\u00fcr Rechtsextremismusforschung, Demokratiebildung und gesellschaftliche Integration Friedrich-Schiller-Universit\u00e4t Jena\" class=\"wp-image-545\" srcset=\"https:\/\/distanz.info\/wp-content\/uploads\/2025\/09\/komrex-logo-300x95.jpeg 300w, https:\/\/distanz.info\/wp-content\/uploads\/2025\/09\/komrex-logo.jpeg 320w\" sizes=\"auto, (max-width: 300px) 100vw, 300px\" \/><figcaption class=\"wp-element-caption\">Komrex \u2013 Zentrum f\u00fcr Rechtsextremismusforschung, Demokratiebildung und gesellschaftliche Integration Friedrich-Schiller-Universit\u00e4t Jena<\/figcaption><\/figure>\n\n\n\n<figure class=\"wp-block-image size-medium\"><img loading=\"lazy\" decoding=\"async\" width=\"300\" height=\"212\" data-id=\"537\" src=\"https:\/\/distanz.info\/wp-content\/uploads\/2025\/09\/ejbw-logo_cmyk-300x212.jpg\" alt=\"Europ\u00e4ische Jungendbildungs- und Begegnungsst\u00e4tte Weimar\" class=\"wp-image-537\" srcset=\"https:\/\/distanz.info\/wp-content\/uploads\/2025\/09\/ejbw-logo_cmyk-300x212.jpg 300w, https:\/\/distanz.info\/wp-content\/uploads\/2025\/09\/ejbw-logo_cmyk-1024x724.jpg 1024w, https:\/\/distanz.info\/wp-content\/uploads\/2025\/09\/ejbw-logo_cmyk-768x543.jpg 768w, https:\/\/distanz.info\/wp-content\/uploads\/2025\/09\/ejbw-logo_cmyk-1536x1086.jpg 1536w, https:\/\/distanz.info\/wp-content\/uploads\/2025\/09\/ejbw-logo_cmyk-2048x1448.jpg 2048w\" sizes=\"auto, (max-width: 300px) 100vw, 300px\" \/><figcaption class=\"wp-element-caption\">Europ\u00e4ische Jungendbildungs- und Begegnungsst\u00e4tte Weimar<\/figcaption><\/figure>\n\n\n\n<figure class=\"wp-block-image size-medium\"><img loading=\"lazy\" decoding=\"async\" width=\"300\" height=\"100\" data-id=\"525\" src=\"https:\/\/distanz.info\/wp-content\/uploads\/2025\/09\/20_12_HI_Welt_Logo-300x100.jpg\" alt=\"HiWelt HIstoriker*Innen f\u00fcr ein weltoffenes Th\u00fcringen\" class=\"wp-image-525\" srcset=\"https:\/\/distanz.info\/wp-content\/uploads\/2025\/09\/20_12_HI_Welt_Logo-300x100.jpg 300w, https:\/\/distanz.info\/wp-content\/uploads\/2025\/09\/20_12_HI_Welt_Logo.jpg 600w\" sizes=\"auto, (max-width: 300px) 100vw, 300px\" \/><figcaption class=\"wp-element-caption\">HiWelt HIstoriker*Innen f\u00fcr ein weltoffenes Th\u00fcringen<\/figcaption><\/figure>\n\n\n\n<figure class=\"wp-block-image size-medium\"><img loading=\"lazy\" decoding=\"async\" width=\"300\" height=\"70\" data-id=\"526\" src=\"https:\/\/distanz.info\/wp-content\/uploads\/2025\/09\/2008_parisat_Logo_1024-300x70.jpg\" alt=\"Der Parit\u00e4tische Th\u00fcringen\" class=\"wp-image-526\" srcset=\"https:\/\/distanz.info\/wp-content\/uploads\/2025\/09\/2008_parisat_Logo_1024-300x70.jpg 300w, https:\/\/distanz.info\/wp-content\/uploads\/2025\/09\/2008_parisat_Logo_1024-768x180.jpg 768w, https:\/\/distanz.info\/wp-content\/uploads\/2025\/09\/2008_parisat_Logo_1024.jpg 1007w\" sizes=\"auto, (max-width: 300px) 100vw, 300px\" \/><figcaption class=\"wp-element-caption\">Der Parit\u00e4tische Th\u00fcringen<\/figcaption><\/figure>\n\n\n\n<figure class=\"wp-block-image size-medium\"><img loading=\"lazy\" decoding=\"async\" width=\"300\" height=\"47\" data-id=\"527\" src=\"https:\/\/distanz.info\/wp-content\/uploads\/2025\/09\/21-02-01-Infoportal_Bildung2-1-1024x1024-2-300x47.png\" alt=\"www.infoportal.komprex.de Kompetenz Netzwerk Pr\u00e4vention Rechtsextremismus\" class=\"wp-image-527\" srcset=\"https:\/\/distanz.info\/wp-content\/uploads\/2025\/09\/21-02-01-Infoportal_Bildung2-1-1024x1024-2-300x47.png 300w, https:\/\/distanz.info\/wp-content\/uploads\/2025\/09\/21-02-01-Infoportal_Bildung2-1-1024x1024-2-768x120.png 768w, https:\/\/distanz.info\/wp-content\/uploads\/2025\/09\/21-02-01-Infoportal_Bildung2-1-1024x1024-2.png 983w\" sizes=\"auto, (max-width: 300px) 100vw, 300px\" \/><figcaption class=\"wp-element-caption\">Kompetenz Netzwerk Pr\u00e4vention Rechtsextremismus<\/figcaption><\/figure>\n\n\n\n<figure class=\"wp-block-image size-large\"><img loading=\"lazy\" decoding=\"async\" width=\"1024\" height=\"355\" data-id=\"2203\" src=\"https:\/\/distanz.info\/wp-content\/uploads\/2026\/01\/Bildungswerk_BLITZ-1024x355.jpg\" alt=\"Bildungswerk Blitz e.V.\" class=\"wp-image-2203\" srcset=\"https:\/\/distanz.info\/wp-content\/uploads\/2026\/01\/Bildungswerk_BLITZ-1024x355.jpg 1024w, https:\/\/distanz.info\/wp-content\/uploads\/2026\/01\/Bildungswerk_BLITZ-300x104.jpg 300w, https:\/\/distanz.info\/wp-content\/uploads\/2026\/01\/Bildungswerk_BLITZ-768x267.jpg 768w, https:\/\/distanz.info\/wp-content\/uploads\/2026\/01\/Bildungswerk_BLITZ.jpg 1190w\" sizes=\"auto, (max-width: 1024px) 100vw, 1024px\" \/><figcaption class=\"wp-element-caption\">Bildungswerk Blitz e.V.<\/figcaption><\/figure>\n\n\n\n<figure class=\"wp-block-image size-medium\"><img loading=\"lazy\" decoding=\"async\" width=\"300\" height=\"120\" data-id=\"529\" src=\"https:\/\/distanz.info\/wp-content\/uploads\/2025\/09\/BAG-Logo_Standard-v1_lila-rgb-300x120.png\" alt=\"bag Bildungsarbeitsgemeinschaft gegen Hass im Netz\" class=\"wp-image-529\" srcset=\"https:\/\/distanz.info\/wp-content\/uploads\/2025\/09\/BAG-Logo_Standard-v1_lila-rgb-300x120.png 300w, https:\/\/distanz.info\/wp-content\/uploads\/2025\/09\/BAG-Logo_Standard-v1_lila-rgb-1024x410.png 1024w, https:\/\/distanz.info\/wp-content\/uploads\/2025\/09\/BAG-Logo_Standard-v1_lila-rgb-768x307.png 768w, https:\/\/distanz.info\/wp-content\/uploads\/2025\/09\/BAG-Logo_Standard-v1_lila-rgb.png 1182w\" sizes=\"auto, (max-width: 300px) 100vw, 300px\" \/><figcaption class=\"wp-element-caption\">bag Bildungsarbeitsgemeinschaft gegen Hass im Netz<\/figcaption><\/figure>\n\n\n\n<figure class=\"wp-block-image size-medium\"><img loading=\"lazy\" decoding=\"async\" width=\"300\" height=\"300\" data-id=\"536\" src=\"https:\/\/distanz.info\/wp-content\/uploads\/2025\/09\/Fack-e.V-1536x1536-1-300x300.png\" alt=\"FACK\" class=\"wp-image-536\" srcset=\"https:\/\/distanz.info\/wp-content\/uploads\/2025\/09\/Fack-e.V-1536x1536-1-300x300.png 300w, https:\/\/distanz.info\/wp-content\/uploads\/2025\/09\/Fack-e.V-1536x1536-1-1024x1024.png 1024w, https:\/\/distanz.info\/wp-content\/uploads\/2025\/09\/Fack-e.V-1536x1536-1-150x150.png 150w, https:\/\/distanz.info\/wp-content\/uploads\/2025\/09\/Fack-e.V-1536x1536-1-768x768.png 768w, https:\/\/distanz.info\/wp-content\/uploads\/2025\/09\/Fack-e.V-1536x1536-1.png 1536w\" sizes=\"auto, (max-width: 300px) 100vw, 300px\" \/><figcaption class=\"wp-element-caption\">FACK<\/figcaption><\/figure>\n\n\n\n<figure class=\"wp-block-image size-large\"><img loading=\"lazy\" decoding=\"async\" width=\"250\" height=\"144\" data-id=\"535\" src=\"https:\/\/distanz.info\/wp-content\/uploads\/2025\/09\/Exit-Logo-c7833b73.png\" alt=\"Exit Deutschland\" class=\"wp-image-535\"\/><figcaption class=\"wp-element-caption\">Exit Deutschland<\/figcaption><\/figure>\n\n\n\n<figure class=\"wp-block-image size-medium\"><img loading=\"lazy\" decoding=\"async\" width=\"300\" height=\"179\" data-id=\"534\" src=\"https:\/\/distanz.info\/wp-content\/uploads\/2025\/09\/EWNT_logo_gross-300x179.jpg\" alt=\"EWNT Eine Welt Netzwerk Th\u00fcringen e.V.\" class=\"wp-image-534\" srcset=\"https:\/\/distanz.info\/wp-content\/uploads\/2025\/09\/EWNT_logo_gross-300x179.jpg 300w, https:\/\/distanz.info\/wp-content\/uploads\/2025\/09\/EWNT_logo_gross-1024x611.jpg 1024w, https:\/\/distanz.info\/wp-content\/uploads\/2025\/09\/EWNT_logo_gross-768x458.jpg 768w, https:\/\/distanz.info\/wp-content\/uploads\/2025\/09\/EWNT_logo_gross.jpg 1505w\" sizes=\"auto, (max-width: 300px) 100vw, 300px\" \/><figcaption class=\"wp-element-caption\">EWNT Eine Welt Netzwerk Th\u00fcringen e.V.<\/figcaption><\/figure>\n\n\n\n<figure class=\"wp-block-image size-medium\"><img loading=\"lazy\" decoding=\"async\" width=\"300\" height=\"185\" data-id=\"533\" src=\"https:\/\/distanz.info\/wp-content\/uploads\/2025\/09\/FGZ-Logo-Jena-RGB-DE-300x185.png\" alt=\"Forschungsinstitut Gesellschaftlicher Zusammenhalt Standort Jena\" class=\"wp-image-533\" srcset=\"https:\/\/distanz.info\/wp-content\/uploads\/2025\/09\/FGZ-Logo-Jena-RGB-DE-300x185.png 300w, https:\/\/distanz.info\/wp-content\/uploads\/2025\/09\/FGZ-Logo-Jena-RGB-DE-1024x631.png 1024w, https:\/\/distanz.info\/wp-content\/uploads\/2025\/09\/FGZ-Logo-Jena-RGB-DE-768x473.png 768w, https:\/\/distanz.info\/wp-content\/uploads\/2025\/09\/FGZ-Logo-Jena-RGB-DE.png 1296w\" sizes=\"auto, (max-width: 300px) 100vw, 300px\" \/><figcaption class=\"wp-element-caption\">Forschungsinstitut Gesellschaftlicher Zusammenhalt Standort Jena<\/figcaption><\/figure>\n\n\n\n<figure class=\"wp-block-image size-large\"><img loading=\"lazy\" decoding=\"async\" width=\"250\" height=\"133\" data-id=\"532\" src=\"https:\/\/distanz.info\/wp-content\/uploads\/2025\/09\/Ezra-Logo-e6eb6b43.png\" alt=\"ezra\" class=\"wp-image-532\"\/><figcaption class=\"wp-element-caption\">ezra<\/figcaption><\/figure>\n\n\n\n<figure class=\"wp-block-image size-medium\"><img loading=\"lazy\" decoding=\"async\" width=\"300\" height=\"300\" data-id=\"531\" src=\"https:\/\/distanz.info\/wp-content\/uploads\/2025\/09\/DMM_Logo_2021-300x300.jpg\" alt=\"Diskutier mit mir\" class=\"wp-image-531\" srcset=\"https:\/\/distanz.info\/wp-content\/uploads\/2025\/09\/DMM_Logo_2021-300x300.jpg 300w, https:\/\/distanz.info\/wp-content\/uploads\/2025\/09\/DMM_Logo_2021-1024x1024.jpg 1024w, https:\/\/distanz.info\/wp-content\/uploads\/2025\/09\/DMM_Logo_2021-150x150.jpg 150w, https:\/\/distanz.info\/wp-content\/uploads\/2025\/09\/DMM_Logo_2021-768x768.jpg 768w, https:\/\/distanz.info\/wp-content\/uploads\/2025\/09\/DMM_Logo_2021-1536x1536.jpg 1536w, https:\/\/distanz.info\/wp-content\/uploads\/2025\/09\/DMM_Logo_2021-2048x2048.jpg 2048w\" sizes=\"auto, (max-width: 300px) 100vw, 300px\" \/><figcaption class=\"wp-element-caption\">Diskutier mit mir<\/figcaption><\/figure>\n\n\n\n<figure class=\"wp-block-image size-medium\"><img loading=\"lazy\" decoding=\"async\" width=\"300\" height=\"154\" data-id=\"530\" src=\"https:\/\/distanz.info\/wp-content\/uploads\/2025\/09\/Design-ohne-Titel-1-300x154.png\" alt=\"Stadtjugendring Erfurt\" class=\"wp-image-530\" srcset=\"https:\/\/distanz.info\/wp-content\/uploads\/2025\/09\/Design-ohne-Titel-1-300x154.png 300w, https:\/\/distanz.info\/wp-content\/uploads\/2025\/09\/Design-ohne-Titel-1-768x395.png 768w, https:\/\/distanz.info\/wp-content\/uploads\/2025\/09\/Design-ohne-Titel-1.png 876w\" sizes=\"auto, (max-width: 300px) 100vw, 300px\" \/><figcaption class=\"wp-element-caption\">Stadtjugendring Erfurt<\/figcaption><\/figure>\n\n\n\n<figure class=\"wp-block-image size-medium\"><img loading=\"lazy\" decoding=\"async\" width=\"300\" height=\"100\" data-id=\"524\" src=\"https:\/\/distanz.info\/wp-content\/uploads\/2025\/09\/01-LAG-Wortbildmarke-2018-quer-pixel-2-300x100.jpg\" alt=\"Landearbeitsgemeinschaft Kinder- und Jugendschutz Th\u00fcringen e.V.\" class=\"wp-image-524\" srcset=\"https:\/\/distanz.info\/wp-content\/uploads\/2025\/09\/01-LAG-Wortbildmarke-2018-quer-pixel-2-300x100.jpg 300w, https:\/\/distanz.info\/wp-content\/uploads\/2025\/09\/01-LAG-Wortbildmarke-2018-quer-pixel-2.jpg 638w\" sizes=\"auto, (max-width: 300px) 100vw, 300px\" \/><figcaption class=\"wp-element-caption\">Landearbeitsgemeinschaft Kinder- und Jugendschutz Th\u00fcringen e.V.<\/figcaption><\/figure>\n<\/figure>\n","protected":false},"excerpt":{"rendered":"<p>Distanz e.V. operates nationwide, with a particular focus on Thuringia, and works closely with network partners. Professional exchange and academic support are central elements of this work. Especially during the transition from Intervention Programm in a radicalisation process to exit work, a continuous dialogue takes place. In addition, Distanz e.V. is in regular exchange with [&hellip;]<\/p>\n","protected":false},"author":1,"featured_media":1902,"parent":0,"menu_order":0,"comment_status":"closed","ping_status":"closed","template":"","meta":{"give_campaign_id":0,"footnotes":""},"class_list":["post-19","page","type-page","status-publish","has-post-thumbnail","hentry"],"campaignId":"","_links":{"self":[{"href":"https:\/\/distanz.info\/en\/wp-json\/wp\/v2\/pages\/19","targetHints":{"allow":["GET"]}}],"collection":[{"href":"https:\/\/distanz.info\/en\/wp-json\/wp\/v2\/pages"}],"about":[{"href":"https:\/\/distanz.info\/en\/wp-json\/wp\/v2\/types\/page"}],"author":[{"embeddable":true,"href":"https:\/\/distanz.info\/en\/wp-json\/wp\/v2\/users\/1"}],"replies":[{"embeddable":true,"href":"https:\/\/distanz.info\/en\/wp-json\/wp\/v2\/comments?post=19"}],"version-history":[{"count":96,"href":"https:\/\/distanz.info\/en\/wp-json\/wp\/v2\/pages\/19\/revisions"}],"predecessor-version":[{"id":2780,"href":"https:\/\/distanz.info\/en\/wp-json\/wp\/v2\/pages\/19\/revisions\/2780"}],"wp:featuredmedia":[{"embeddable":true,"href":"https:\/\/distanz.info\/en\/wp-json\/wp\/v2\/media\/1902"}],"wp:attachment":[{"href":"https:\/\/distanz.info\/en\/wp-json\/wp\/v2\/media?parent=19"}],"curies":[{"name":"wp","href":"https:\/\/api.w.org\/{rel}","templated":true}]}}